{"id":431,"date":"2025-03-14T11:57:14","date_gmt":"2025-03-14T11:57:14","guid":{"rendered":"https:\/\/bosquealimentosvalencia.org\/?page_id=431"},"modified":"2025-04-04T09:38:04","modified_gmt":"2025-04-04T09:38:04","slug":"que-es-un-bosque-de-alimentos","status":"publish","type":"page","link":"https:\/\/bosquealimentosvalencia.org\/?page_id=431","title":{"rendered":"\u00bfQu\u00e9 es un bosque de alimentos?"},"content":{"rendered":"\t\t<div data-elementor-type=\"wp-page\" data-elementor-id=\"431\" class=\"elementor elementor-431\">\n\t\t\t\t<div class=\"elementor-element elementor-element-f9e16b8 e-flex e-con-boxed e-con e-parent\" data-id=\"f9e16b8\" data-element_type=\"container\" data-e-type=\"container\" data-settings=\"{&quot;background_background&quot;:&quot;classic&quot;}\">\n\t\t\t\t\t<div class=\"e-con-inner\">\n\t\t\t\t<div class=\"elementor-element elementor-element-6827346 elementor-widget elementor-widget-heading\" data-id=\"6827346\" data-element_type=\"widget\" data-e-type=\"widget\" data-widget_type=\"heading.default\">\n\t\t\t\t<div class=\"elementor-widget-container\">\n\t\t\t\t\t<h2 class=\"elementor-heading-title elementor-size-default\">Un ecosistema autosuficiente dise\u00f1ado para imitar un bosque natural mientras produce alimentos<\/h2>\t\t\t\t<\/div>\n\t\t\t\t<\/div>\n\t\t\t\t<div class=\"elementor-element elementor-element-d4890d0 elementor-widget elementor-widget-text-editor\" data-id=\"d4890d0\" data-element_type=\"widget\" data-e-type=\"widget\" data-widget_type=\"text-editor.default\">\n\t\t\t\t<div class=\"elementor-widget-container\">\n\t\t\t\t\t\t\t\t\t<p><span style=\"font-weight: 400;\">A diferencia de las granjas convencionales, que requieren insumos y mantenimiento constantes, los bosques de alimentos trabajan con la naturaleza, fomentando la biodiversidad, enriqueciendo el suelo y reduciendo el uso de agua, todo sin necesidad de pesticidas ni fertilizantes sint\u00e9ticos<\/span><\/p>\t\t\t\t\t\t\t\t<\/div>\n\t\t\t\t<\/div>\n\t\t\t\t\t<\/div>\n\t\t\t\t<\/div>\n\t\t<div class=\"elementor-element elementor-element-ee73474 e-flex e-con-boxed e-con e-parent\" data-id=\"ee73474\" data-element_type=\"container\" data-e-type=\"container\">\n\t\t\t\t\t<div class=\"e-con-inner\">\n\t\t<div class=\"elementor-element elementor-element-fcefaef e-con-full e-flex e-con e-child\" data-id=\"fcefaef\" data-element_type=\"container\" data-e-type=\"container\">\n\t\t\t\t<div class=\"elementor-element elementor-element-1fa9da3 elementor-widget__width-inherit elementor-widget elementor-widget-heading\" data-id=\"1fa9da3\" data-element_type=\"widget\" data-e-type=\"widget\" data-widget_type=\"heading.default\">\n\t\t\t\t<div class=\"elementor-widget-container\">\n\t\t\t\t\t<h2 class=\"elementor-heading-title elementor-size-default\">\u00bfPor qu\u00e9 elegir <br>un bosque de alimentos?<\/h2>\t\t\t\t<\/div>\n\t\t\t\t<\/div>\n\t\t\t\t<\/div>\n\t\t<div class=\"elementor-element elementor-element-1192ba0 e-con-full e-flex e-con e-child\" data-id=\"1192ba0\" data-element_type=\"container\" data-e-type=\"container\">\n\t\t\t\t<div class=\"elementor-element elementor-element-28631e9 elementor-widget__width-initial elementor-widget elementor-widget-text-editor\" data-id=\"28631e9\" data-element_type=\"widget\" data-e-type=\"widget\" data-widget_type=\"text-editor.default\">\n\t\t\t\t<div class=\"elementor-widget-container\">\n\t\t\t\t\t\t\t\t\t<p><span style=\"font-weight: 400;\">En el clima mediterr\u00e1neo de Valencia, donde el agua es un recurso valioso y los veranos pueden ser abrasadores, los bosques de alimentos ofrecen una soluci\u00f3n poderosa para la producci\u00f3n sostenible de alimentos. Al incorporar diversas capas de \u00e1rboles, arbustos, hierbas y cobertura vegetal, crean microclimas que retienen la humedad, mejoran la fertilidad del suelo y fomentan la presencia de insectos beneficiosos.<\/span><\/p>\t\t\t\t\t\t\t\t<\/div>\n\t\t\t\t<\/div>\n\t\t\t\t<\/div>\n\t\t\t\t\t<\/div>\n\t\t\t\t<\/div>\n\t\t<div class=\"elementor-element elementor-element-07aacb4 e-flex e-con-boxed e-con e-parent\" data-id=\"07aacb4\" data-element_type=\"container\" data-e-type=\"container\">\n\t\t\t\t\t<div class=\"e-con-inner\">\n\t\t<div class=\"elementor-element elementor-element-145e2cd e-con-full e-flex e-con e-child\" data-id=\"145e2cd\" data-element_type=\"container\" data-e-type=\"container\">\n\t\t\t\t<div class=\"elementor-element elementor-element-155b4f5 elementor-widget elementor-widget-heading\" data-id=\"155b4f5\" data-element_type=\"widget\" data-e-type=\"widget\" data-widget_type=\"heading.default\">\n\t\t\t\t<div class=\"elementor-widget-container\">\n\t\t\t\t\t<h2 class=\"elementor-heading-title elementor-size-default\">Un bosque de alimentos bien dise\u00f1ado:<\/h2>\t\t\t\t<\/div>\n\t\t\t\t<\/div>\n\t\t\t\t<div class=\"elementor-element elementor-element-205bb31 elementor-widget__width-initial elementor-widget elementor-widget-text-editor\" data-id=\"205bb31\" data-element_type=\"widget\" data-e-type=\"widget\" data-widget_type=\"text-editor.default\">\n\t\t\t\t<div class=\"elementor-widget-container\">\n\t\t\t\t\t\t\t\t\t<ul><li style=\"font-weight: 400;\" aria-level=\"1\"><span style=\"font-weight: 400;\"><strong>Produce alimentos saludables<\/strong> y llenos de nutrientes<\/span><\/li><li style=\"font-weight: 400;\" aria-level=\"1\"><span style=\"font-weight: 400;\"><strong>Elimina la necesidad de pesticidas<\/strong> al fomentar un ecosistema equilibrado donde los depredadores naturales controlan las plagas.<\/span><\/li><li style=\"font-weight: 400;\" aria-level=\"1\"><span style=\"font-weight: 400;\"><strong>Regenera el suelo<\/strong> mediante la acumulaci\u00f3n de materia org\u00e1nica y el uso de plantas fijadoras de nitr\u00f3geno.<\/span><\/li><li style=\"font-weight: 400;\" aria-level=\"1\"><span style=\"font-weight: 400;\"><strong>Utiliza el agua de manera eficiente<\/strong> al proporcionar sombra, reducir la evaporaci\u00f3n y mejorar la retenci\u00f3n de agua.<\/span><\/li><li style=\"font-weight: 400;\" aria-level=\"1\"><span style=\"font-weight: 400;\"><strong>Aumenta la biodiversidad<\/strong> al ofrecer h\u00e1bitat para polinizadores, aves y otras especies silvestres.<\/span><\/li><li style=\"font-weight: 400;\" aria-level=\"1\"><span style=\"font-weight: 400;\"><strong>Crea resiliencia a largo plazo<\/strong> frente a la sequ\u00eda y las condiciones clim\u00e1ticas extremas.<\/span><\/li><\/ul>\t\t\t\t\t\t\t\t<\/div>\n\t\t\t\t<\/div>\n\t\t\t\t<\/div>\n\t\t<div class=\"elementor-element elementor-element-c6ee147 e-con-full e-flex e-con e-child\" data-id=\"c6ee147\" data-element_type=\"container\" data-e-type=\"container\">\n\t\t\t\t<div class=\"elementor-element elementor-element-ba6d7af elementor-widget elementor-widget-image\" data-id=\"ba6d7af\" data-element_type=\"widget\" data-e-type=\"widget\" data-widget_type=\"image.default\">\n\t\t\t\t<div class=\"elementor-widget-container\">\n\t\t\t\t\t\t\t\t\t\t\t\t\t\t\t\t<a href=\"https:\/\/bosquealimentosvalencia.org\/\">\n\t\t\t\t\t\t\t<img fetchpriority=\"high\" decoding=\"async\" width=\"512\" height=\"512\" src=\"https:\/\/bosquealimentosvalencia.org\/wp-content\/uploads\/2025\/03\/cropped-Logo-Bosque-de-alimentos-Valencia.png\" class=\"attachment-large size-large wp-image-8\" alt=\"\" srcset=\"https:\/\/bosquealimentosvalencia.org\/wp-content\/uploads\/2025\/03\/cropped-Logo-Bosque-de-alimentos-Valencia.png 512w, https:\/\/bosquealimentosvalencia.org\/wp-content\/uploads\/2025\/03\/cropped-Logo-Bosque-de-alimentos-Valencia-300x300.png 300w, https:\/\/bosquealimentosvalencia.org\/wp-content\/uploads\/2025\/03\/cropped-Logo-Bosque-de-alimentos-Valencia-150x150.png 150w, https:\/\/bosquealimentosvalencia.org\/wp-content\/uploads\/2025\/03\/cropped-Logo-Bosque-de-alimentos-Valencia-270x270.png 270w, https:\/\/bosquealimentosvalencia.org\/wp-content\/uploads\/2025\/03\/cropped-Logo-Bosque-de-alimentos-Valencia-192x192.png 192w, https:\/\/bosquealimentosvalencia.org\/wp-content\/uploads\/2025\/03\/cropped-Logo-Bosque-de-alimentos-Valencia-180x180.png 180w, https:\/\/bosquealimentosvalencia.org\/wp-content\/uploads\/2025\/03\/cropped-Logo-Bosque-de-alimentos-Valencia-32x32.png 32w\" sizes=\"(max-width: 512px) 100vw, 512px\" \/>\t\t\t\t\t\t\t\t<\/a>\n\t\t\t\t\t\t\t\t\t\t\t\t\t\t\t<\/div>\n\t\t\t\t<\/div>\n\t\t\t\t<\/div>\n\t\t\t\t\t<\/div>\n\t\t\t\t<\/div>\n\t\t<div class=\"elementor-element elementor-element-458483b e-flex e-con-boxed e-con e-parent\" data-id=\"458483b\" data-element_type=\"container\" data-e-type=\"container\" data-settings=\"{&quot;background_background&quot;:&quot;classic&quot;}\">\n\t\t\t\t\t<div class=\"e-con-inner\">\n\t\t\t\t<div class=\"elementor-element elementor-element-b54d6be elementor-widget__width-initial elementor-hidden-mobile elementor-widget elementor-widget-eael-fancy-text\" data-id=\"b54d6be\" data-element_type=\"widget\" data-e-type=\"widget\" data-widget_type=\"eael-fancy-text.default\">\n\t\t\t\t<div class=\"elementor-widget-container\">\n\t\t\t\t\t\n\t<div  class=\"eael-fancy-text-container style-1\" data-fancy-text-id=\"b54d6be\" data-fancy-text=\"| bosque de alimentos?\" data-fancy-text-transition-type=\"typing\" data-fancy-text-speed=\"50\" data-fancy-text-delay=\"2500\" data-fancy-text-cursor=\"yes\" data-fancy-text-loop=\"yes\" data-fancy-text-action=\"page_load\" >\n\t\t\t\t\t<span class=\"eael-fancy-text-prefix\">\u00bfC\u00f3mo funciona un   <\/span>\n\t\t\n\t\t\n\t\t\t\t\t<span id=\"eael-fancy-text-b54d6be\" class=\"eael-fancy-text-strings solid-color\">\n\t\t\t\t<noscript>\n\t\t\t\t\t bosque de alimentos?\t\t\t\t<\/noscript>\n\t\t\t<\/span>\n\t\t\n\t\t\t<\/div><!-- close .eael-fancy-text-container -->\n\n\t<div class=\"clearfix\"><\/div>\n\n\t\t\t\t\t<\/div>\n\t\t\t\t<\/div>\n\t\t\t\t<div class=\"elementor-element elementor-element-dd404ca elementor-widget elementor-widget-text-editor\" data-id=\"dd404ca\" data-element_type=\"widget\" data-e-type=\"widget\" data-widget_type=\"text-editor.default\">\n\t\t\t\t<div class=\"elementor-widget-container\">\n\t\t\t\t\t\t\t\t\t<p><span style=\"font-weight: 400;\">En un bosque de alimentos, trabajamos con la naturaleza en lugar de en su contra. En lugar de plantar un monocultivo de plantas anuales, utilizamos una gran diversidad de plantas perennes y \u00e1rboles que benefician directa o indirectamente tanto a las personas como a los animales. Al igual que en el borde de un bosque, trabajamos en capas<\/span><\/p>\t\t\t\t\t\t\t\t<\/div>\n\t\t\t\t<\/div>\n\t\t\t\t<div class=\"elementor-element elementor-element-2098196 elementor-hidden-desktop elementor-hidden-tablet elementor-widget elementor-widget-heading\" data-id=\"2098196\" data-element_type=\"widget\" data-e-type=\"widget\" data-widget_type=\"heading.default\">\n\t\t\t\t<div class=\"elementor-widget-container\">\n\t\t\t\t\t<h2 class=\"elementor-heading-title elementor-size-default\">\u00bfC\u00f3mo funciona un bosque de alimentos?<\/h2>\t\t\t\t<\/div>\n\t\t\t\t<\/div>\n\t\t<div class=\"elementor-element elementor-element-61795b2 e-grid e-con-full e-con e-child\" data-id=\"61795b2\" data-element_type=\"container\" data-e-type=\"container\">\n\t\t\t\t<div class=\"elementor-element elementor-element-074b3ba elementor-widget elementor-widget-text-editor\" data-id=\"074b3ba\" data-element_type=\"widget\" data-e-type=\"widget\" data-widget_type=\"text-editor.default\">\n\t\t\t\t<div class=\"elementor-widget-container\">\n\t\t\t\t\t\t\t\t\t<ol><li style=\"font-weight: 400;\" aria-level=\"1\"><b>Capa del dosel<\/b><span style=\"font-weight: 400;\"> \u2013 \u00c1rboles frutales o de frutos secos altos, como almendro, higuera o algarrobo.<\/span><\/li><li style=\"font-weight: 400;\" aria-level=\"1\"><b>Capa intermedia<\/b><span style=\"font-weight: 400;\"> \u2013 \u00c1rboles frutales m\u00e1s peque\u00f1os, como granado, caqui o c\u00edtricos.<\/span><\/li><li style=\"font-weight: 400;\" aria-level=\"1\"><b>Capa de arbustos<\/b><span style=\"font-weight: 400;\"> \u2013 Arbustos como romero, lavanda y grosellas.<\/span><\/li><li style=\"font-weight: 400;\" aria-level=\"1\"><b>Capa herb\u00e1cea<\/b><span style=\"font-weight: 400;\"> \u2013 Hierbas culinarias y medicinales como tomillo, or\u00e9gano y albahaca.<\/span><\/li><li style=\"font-weight: 400;\" aria-level=\"1\"><b>Capa de cobertura del suelo<\/b><span style=\"font-weight: 400;\"> \u2013 Plantas como tr\u00e9boles o fresas, que ayudan a retener la humedad y suprimir las malas hierbas.<\/span><\/li><li style=\"font-weight: 400;\" aria-level=\"1\"><b>Capa de ra\u00edces<\/b><span style=\"font-weight: 400;\"> \u2013 Tub\u00e9rculos comestibles como ajo, cebolla y batata.<\/span><\/li><\/ol><p><span style=\"font-weight: 400;\"><b>Capa de enredaderas<\/b> \u2013 Trepadoras como uvas o kiwis, que aprovechan el espacio vertical.\u00a0<\/span><\/p>\t\t\t\t\t\t\t\t<\/div>\n\t\t\t\t<\/div>\n\t\t\t\t<div class=\"elementor-element elementor-element-de9591f elementor-widget elementor-widget-image-carousel\" data-id=\"de9591f\" data-element_type=\"widget\" data-e-type=\"widget\" data-settings=\"{&quot;slides_to_show&quot;:&quot;1&quot;,&quot;navigation&quot;:&quot;none&quot;,&quot;autoplay&quot;:&quot;yes&quot;,&quot;pause_on_hover&quot;:&quot;yes&quot;,&quot;pause_on_interaction&quot;:&quot;yes&quot;,&quot;autoplay_speed&quot;:5000,&quot;infinite&quot;:&quot;yes&quot;,&quot;effect&quot;:&quot;slide&quot;,&quot;speed&quot;:500}\" data-widget_type=\"image-carousel.default\">\n\t\t\t\t<div class=\"elementor-widget-container\">\n\t\t\t\t\t\t\t<div class=\"elementor-image-carousel-wrapper swiper\" role=\"region\" aria-roledescription=\"carousel\" aria-label=\"Image Carousel\" dir=\"ltr\">\n\t\t\t<div class=\"elementor-image-carousel swiper-wrapper swiper-image-stretch\" aria-live=\"off\">\n\t\t\t\t\t\t\t\t<div class=\"swiper-slide\" role=\"group\" aria-roledescription=\"slide\" aria-label=\"1 de 6\"><figure class=\"swiper-slide-inner\"><img decoding=\"async\" class=\"swiper-slide-image\" src=\"https:\/\/bosquealimentosvalencia.org\/wp-content\/uploads\/2025\/03\/6.jpg\" alt=\"6\" \/><\/figure><\/div><div class=\"swiper-slide\" role=\"group\" aria-roledescription=\"slide\" aria-label=\"2 de 6\"><figure class=\"swiper-slide-inner\"><img decoding=\"async\" class=\"swiper-slide-image\" src=\"https:\/\/bosquealimentosvalencia.org\/wp-content\/uploads\/2025\/03\/5-1.jpg\" alt=\"5\" \/><\/figure><\/div><div class=\"swiper-slide\" role=\"group\" aria-roledescription=\"slide\" aria-label=\"3 de 6\"><figure class=\"swiper-slide-inner\"><img decoding=\"async\" class=\"swiper-slide-image\" src=\"https:\/\/bosquealimentosvalencia.org\/wp-content\/uploads\/2025\/03\/4-2.jpg\" alt=\"4\" \/><\/figure><\/div><div class=\"swiper-slide\" role=\"group\" aria-roledescription=\"slide\" aria-label=\"4 de 6\"><figure class=\"swiper-slide-inner\"><img decoding=\"async\" class=\"swiper-slide-image\" src=\"https:\/\/bosquealimentosvalencia.org\/wp-content\/uploads\/2025\/03\/3-2.jpg\" alt=\"3\" \/><\/figure><\/div><div class=\"swiper-slide\" role=\"group\" aria-roledescription=\"slide\" aria-label=\"5 de 6\"><figure class=\"swiper-slide-inner\"><img decoding=\"async\" class=\"swiper-slide-image\" src=\"https:\/\/bosquealimentosvalencia.org\/wp-content\/uploads\/2025\/03\/2-2.jpg\" alt=\"2\" \/><\/figure><\/div><div class=\"swiper-slide\" role=\"group\" aria-roledescription=\"slide\" aria-label=\"6 de 6\"><figure class=\"swiper-slide-inner\"><img decoding=\"async\" class=\"swiper-slide-image\" src=\"https:\/\/bosquealimentosvalencia.org\/wp-content\/uploads\/2025\/03\/1-2.jpg\" alt=\"1\" \/><\/figure><\/div>\t\t\t<\/div>\n\t\t\t\t\t\t\t\n\t\t\t\t\t\t\t\t\t<\/div>\n\t\t\t\t\t\t<\/div>\n\t\t\t\t<\/div>\n\t\t\t\t<div class=\"elementor-element elementor-element-042d8be elementor-widget elementor-widget-text-editor\" data-id=\"042d8be\" data-element_type=\"widget\" data-e-type=\"widget\" data-widget_type=\"text-editor.default\">\n\t\t\t\t<div class=\"elementor-widget-container\">\n\t\t\t\t\t\t\t\t\t<p><span style=\"font-weight: 400;\">Cada capa tiene su propia funci\u00f3n en el ecosistema: proporcionar sombra, fijar nitr\u00f3geno, proteger del viento, producir biomasa, atraer polinizadores, etc. Con el tiempo, el suelo se vuelve cada vez m\u00e1s f\u00e9rtil, y el bosque finalmente se autosostiene sin necesidad de grandes insumos de fertilizantes artificiales, pesticidas ni maquinaria pesada.<\/span><\/p>\t\t\t\t\t\t\t\t<\/div>\n\t\t\t\t<\/div>\n\t\t\t\t<\/div>\n\t\t\t\t\t<\/div>\n\t\t\t\t<\/div>\n\t\t<div class=\"elementor-element elementor-element-0c95ede e-flex e-con-boxed e-con e-parent\" data-id=\"0c95ede\" data-element_type=\"container\" data-e-type=\"container\" data-settings=\"{&quot;background_background&quot;:&quot;classic&quot;}\">\n\t\t\t\t\t<div class=\"e-con-inner\">\n\t\t<div class=\"elementor-element elementor-element-f5ffe6e e-con-full e-flex e-con e-child\" data-id=\"f5ffe6e\" data-element_type=\"container\" data-e-type=\"container\">\n\t\t\t\t<div class=\"elementor-element elementor-element-0d81ffe elementor-widget elementor-widget-heading\" data-id=\"0d81ffe\" data-element_type=\"widget\" data-e-type=\"widget\" data-widget_type=\"heading.default\">\n\t\t\t\t<div class=\"elementor-widget-container\">\n\t\t\t\t\t<h2 class=\"elementor-heading-title elementor-size-default\">Otras iniciativas que nos inspiran<\/h2>\t\t\t\t<\/div>\n\t\t\t\t<\/div>\n\t\t<div class=\"elementor-element elementor-element-ae8045d e-grid e-con-full e-con e-child\" data-id=\"ae8045d\" data-element_type=\"container\" data-e-type=\"container\">\n\t\t\t\t<div class=\"elementor-element elementor-element-4ca74c4 elementor-widget elementor-widget-image\" data-id=\"4ca74c4\" data-element_type=\"widget\" data-e-type=\"widget\" data-widget_type=\"image.default\">\n\t\t\t\t<div class=\"elementor-widget-container\">\n\t\t\t\t\t\t\t\t\t\t\t\t\t\t\t\t<a href=\"https:\/\/www.lajunquera.es\/\" target=\"_blank\">\n\t\t\t\t\t\t\t<img decoding=\"async\" width=\"706\" height=\"288\" src=\"https:\/\/bosquealimentosvalencia.org\/wp-content\/uploads\/2025\/03\/lajunquera_logoblanco.png\" class=\"attachment-large size-large wp-image-286\" alt=\"\" srcset=\"https:\/\/bosquealimentosvalencia.org\/wp-content\/uploads\/2025\/03\/lajunquera_logoblanco.png 706w, https:\/\/bosquealimentosvalencia.org\/wp-content\/uploads\/2025\/03\/lajunquera_logoblanco-300x122.png 300w\" sizes=\"(max-width: 706px) 100vw, 706px\" \/>\t\t\t\t\t\t\t\t<\/a>\n\t\t\t\t\t\t\t\t\t\t\t\t\t\t\t<\/div>\n\t\t\t\t<\/div>\n\t\t\t\t<div class=\"elementor-element elementor-element-ea24bee elementor-widget elementor-widget-image\" data-id=\"ea24bee\" data-element_type=\"widget\" data-e-type=\"widget\" data-widget_type=\"image.default\">\n\t\t\t\t<div class=\"elementor-widget-container\">\n\t\t\t\t\t\t\t\t\t\t\t\t\t\t\t\t<a href=\"https:\/\/permallorca.com\/\" target=\"_blank\">\n\t\t\t\t\t\t\t<img decoding=\"async\" width=\"1024\" height=\"341\" src=\"https:\/\/bosquealimentosvalencia.org\/wp-content\/uploads\/2025\/03\/Permallorca_white-1024x341.png\" class=\"attachment-large size-large wp-image-287\" alt=\"\" srcset=\"https:\/\/bosquealimentosvalencia.org\/wp-content\/uploads\/2025\/03\/Permallorca_white-1024x341.png 1024w, https:\/\/bosquealimentosvalencia.org\/wp-content\/uploads\/2025\/03\/Permallorca_white-300x100.png 300w, https:\/\/bosquealimentosvalencia.org\/wp-content\/uploads\/2025\/03\/Permallorca_white-768x256.png 768w, https:\/\/bosquealimentosvalencia.org\/wp-content\/uploads\/2025\/03\/Permallorca_white-1536x512.png 1536w, https:\/\/bosquealimentosvalencia.org\/wp-content\/uploads\/2025\/03\/Permallorca_white-2048x682.png 2048w\" sizes=\"(max-width: 1024px) 100vw, 1024px\" \/>\t\t\t\t\t\t\t\t<\/a>\n\t\t\t\t\t\t\t\t\t\t\t\t\t\t\t<\/div>\n\t\t\t\t<\/div>\n\t\t\t\t<div class=\"elementor-element elementor-element-9762b73 elementor-widget elementor-widget-image\" data-id=\"9762b73\" data-element_type=\"widget\" data-e-type=\"widget\" data-widget_type=\"image.default\">\n\t\t\t\t<div class=\"elementor-widget-container\">\n\t\t\t\t\t\t\t\t\t\t\t\t\t\t\t\t<a href=\"https:\/\/www.lalomaviva.com\/\" target=\"_blank\">\n\t\t\t\t\t\t\t<img loading=\"lazy\" decoding=\"async\" width=\"1018\" height=\"346\" src=\"https:\/\/bosquealimentosvalencia.org\/wp-content\/uploads\/2025\/03\/Captura-de-pantalla-2025-03-06-a-las-13.43.52.png\" class=\"attachment-large size-large wp-image-291\" alt=\"\" srcset=\"https:\/\/bosquealimentosvalencia.org\/wp-content\/uploads\/2025\/03\/Captura-de-pantalla-2025-03-06-a-las-13.43.52.png 1018w, https:\/\/bosquealimentosvalencia.org\/wp-content\/uploads\/2025\/03\/Captura-de-pantalla-2025-03-06-a-las-13.43.52-300x102.png 300w, https:\/\/bosquealimentosvalencia.org\/wp-content\/uploads\/2025\/03\/Captura-de-pantalla-2025-03-06-a-las-13.43.52-768x261.png 768w\" sizes=\"(max-width: 1018px) 100vw, 1018px\" \/>\t\t\t\t\t\t\t\t<\/a>\n\t\t\t\t\t\t\t\t\t\t\t\t\t\t\t<\/div>\n\t\t\t\t<\/div>\n\t\t\t\t<\/div>\n\t\t\t\t<\/div>\n\t\t\t\t\t<\/div>\n\t\t\t\t<\/div>\n\t\t\t\t<\/div>\n\t\t","protected":false},"excerpt":{"rendered":"<p>Un ecosistema autosuficiente dise\u00f1ado para imitar un bosque natural mientras produce alimentos A diferencia de las granjas convencionales, que requieren [&hellip;]<\/p>\n","protected":false},"author":2,"featured_media":0,"parent":0,"menu_order":0,"comment_status":"closed","ping_status":"closed","template":"","meta":{"site-sidebar-layout":"no-sidebar","site-content-layout":"","ast-site-content-layout":"full-width-container","site-content-style":"default","site-sidebar-style":"default","ast-global-header-display":"","ast-banner-title-visibility":"","ast-main-header-display":"","ast-hfb-above-header-display":"","ast-hfb-below-header-display":"","ast-hfb-mobile-header-display":"","site-post-title":"disabled","ast-breadcrumbs-content":"","ast-featured-img":"disabled","footer-sml-layout":"","ast-disable-related-posts":"","theme-transparent-header-meta":"","adv-header-id-meta":"","stick-header-meta":"","header-above-stick-meta":"","header-main-stick-meta":"","header-below-stick-meta":"","astra-migrate-meta-layouts":"default","ast-page-background-enabled":"default","ast-page-background-meta":{"desktop":{"background-color":"var(--ast-global-color-5)","background-image":"","background-repeat":"repeat","background-position":"center center","background-size":"auto","background-attachment":"scroll","background-type":"","background-media":"","overlay-type":"","overlay-color":"","overlay-opacity":"","overlay-gradient":""},"tablet":{"background-color":"","background-image":"","background-repeat":"repeat","background-position":"center center","background-size":"auto","background-attachment":"scroll","background-type":"","background-media":"","overlay-type":"","overlay-color":"","overlay-opacity":"","overlay-gradient":""},"mobile":{"background-color":"","background-image":"","background-repeat":"repeat","background-position":"center center","background-size":"auto","background-attachment":"scroll","background-type":"","background-media":"","overlay-type":"","overlay-color":"","overlay-opacity":"","overlay-gradient":""}},"ast-content-background-meta":{"desktop":{"background-color":"var(--ast-global-color-4)","background-image":"","background-repeat":"repeat","background-position":"center center","background-size":"auto","background-attachment":"scroll","background-type":"","background-media":"","overlay-type":"","overlay-color":"","overlay-opacity":"","overlay-gradient":""},"tablet":{"background-color":"var(--ast-global-color-4)","background-image":"","background-repeat":"repeat","background-position":"center center","background-size":"auto","background-attachment":"scroll","background-type":"","background-media":"","overlay-type":"","overlay-color":"","overlay-opacity":"","overlay-gradient":""},"mobile":{"background-color":"var(--ast-global-color-4)","background-image":"","background-repeat":"repeat","background-position":"center center","background-size":"auto","background-attachment":"scroll","background-type":"","background-media":"","overlay-type":"","overlay-color":"","overlay-opacity":"","overlay-gradient":""}},"footnotes":""},"class_list":["post-431","page","type-page","status-publish","hentry"],"yoast_head":"<!-- This site is optimized with the Yoast SEO plugin v27.5 - https:\/\/yoast.com\/product\/yoast-seo-wordpress\/ -->\n<title>\u00bfQu\u00e9 es un bosque de alimentos? - Bosque de Alimentos Valencia<\/title>\n<meta name=\"description\" content=\"Ecosistema autosuficiente dise\u00f1ado para imitar un bosque natural mientras produce alimentos\" \/>\n<meta name=\"robots\" content=\"index, follow, max-snippet:-1, max-image-preview:large, max-video-preview:-1\" \/>\n<link rel=\"canonical\" href=\"https:\/\/bosquealimentosvalencia.org\/?page_id=431\" \/>\n<meta property=\"og:locale\" content=\"en_US\" \/>\n<meta property=\"og:type\" content=\"article\" \/>\n<meta property=\"og:title\" content=\"\u00bfQu\u00e9 es un bosque de alimentos? - Bosque de Alimentos Valencia\" \/>\n<meta property=\"og:description\" content=\"Ecosistema autosuficiente dise\u00f1ado para imitar un bosque natural mientras produce alimentos\" \/>\n<meta property=\"og:url\" content=\"https:\/\/bosquealimentosvalencia.org\/?page_id=431\" \/>\n<meta property=\"og:site_name\" content=\"Bosque de Alimentos Valencia\" \/>\n<meta property=\"article:modified_time\" content=\"2025-04-04T09:38:04+00:00\" \/>\n<meta property=\"og:image\" content=\"https:\/\/bosquealimentosvalencia.org\/wp-content\/uploads\/2025\/03\/cropped-Logo-Bosque-de-alimentos-Valencia.png\" \/>\n<meta name=\"twitter:card\" content=\"summary_large_image\" \/>\n<meta name=\"twitter:label1\" content=\"Est. reading time\" \/>\n\t<meta name=\"twitter:data1\" content=\"4 minutes\" \/>\n<script type=\"application\/ld+json\" class=\"yoast-schema-graph\">{\"@context\":\"https:\\\/\\\/schema.org\",\"@graph\":[{\"@type\":\"WebPage\",\"@id\":\"https:\\\/\\\/bosquealimentosvalencia.org\\\/?page_id=431\",\"url\":\"https:\\\/\\\/bosquealimentosvalencia.org\\\/?page_id=431\",\"name\":\"\u00bfQu\u00e9 es un bosque de alimentos? - Bosque de Alimentos Valencia\",\"isPartOf\":{\"@id\":\"https:\\\/\\\/bosquealimentosvalencia.org\\\/#website\"},\"primaryImageOfPage\":{\"@id\":\"https:\\\/\\\/bosquealimentosvalencia.org\\\/?page_id=431#primaryimage\"},\"image\":{\"@id\":\"https:\\\/\\\/bosquealimentosvalencia.org\\\/?page_id=431#primaryimage\"},\"thumbnailUrl\":\"https:\\\/\\\/bosquealimentosvalencia.org\\\/wp-content\\\/uploads\\\/2025\\\/03\\\/cropped-Logo-Bosque-de-alimentos-Valencia.png\",\"datePublished\":\"2025-03-14T11:57:14+00:00\",\"dateModified\":\"2025-04-04T09:38:04+00:00\",\"description\":\"Ecosistema autosuficiente dise\u00f1ado para imitar un bosque natural mientras produce alimentos\",\"breadcrumb\":{\"@id\":\"https:\\\/\\\/bosquealimentosvalencia.org\\\/?page_id=431#breadcrumb\"},\"inLanguage\":\"en-US\",\"potentialAction\":[{\"@type\":\"ReadAction\",\"target\":[\"https:\\\/\\\/bosquealimentosvalencia.org\\\/?page_id=431\"]}]},{\"@type\":\"ImageObject\",\"inLanguage\":\"en-US\",\"@id\":\"https:\\\/\\\/bosquealimentosvalencia.org\\\/?page_id=431#primaryimage\",\"url\":\"https:\\\/\\\/bosquealimentosvalencia.org\\\/wp-content\\\/uploads\\\/2025\\\/03\\\/cropped-Logo-Bosque-de-alimentos-Valencia.png\",\"contentUrl\":\"https:\\\/\\\/bosquealimentosvalencia.org\\\/wp-content\\\/uploads\\\/2025\\\/03\\\/cropped-Logo-Bosque-de-alimentos-Valencia.png\",\"width\":512,\"height\":512},{\"@type\":\"BreadcrumbList\",\"@id\":\"https:\\\/\\\/bosquealimentosvalencia.org\\\/?page_id=431#breadcrumb\",\"itemListElement\":[{\"@type\":\"ListItem\",\"position\":1,\"name\":\"Portada\",\"item\":\"https:\\\/\\\/bosquealimentosvalencia.org\\\/?page_id=34&lang=en\"},{\"@type\":\"ListItem\",\"position\":2,\"name\":\"\u00bfQu\u00e9 es un bosque de alimentos?\"}]},{\"@type\":\"WebSite\",\"@id\":\"https:\\\/\\\/bosquealimentosvalencia.org\\\/#website\",\"url\":\"https:\\\/\\\/bosquealimentosvalencia.org\\\/\",\"name\":\"Bosque de Alimentos Valencia\",\"description\":\"Our food forest in Valencia is more than just a way to grow food, it\u2019s a way to bring people together\",\"publisher\":{\"@id\":\"https:\\\/\\\/bosquealimentosvalencia.org\\\/#organization\"},\"potentialAction\":[{\"@type\":\"SearchAction\",\"target\":{\"@type\":\"EntryPoint\",\"urlTemplate\":\"https:\\\/\\\/bosquealimentosvalencia.org\\\/?s={search_term_string}\"},\"query-input\":{\"@type\":\"PropertyValueSpecification\",\"valueRequired\":true,\"valueName\":\"search_term_string\"}}],\"inLanguage\":\"en-US\"},{\"@type\":\"Organization\",\"@id\":\"https:\\\/\\\/bosquealimentosvalencia.org\\\/#organization\",\"name\":\"Bosque de Alimentos Valencia\",\"url\":\"https:\\\/\\\/bosquealimentosvalencia.org\\\/\",\"logo\":{\"@type\":\"ImageObject\",\"inLanguage\":\"en-US\",\"@id\":\"https:\\\/\\\/bosquealimentosvalencia.org\\\/#\\\/schema\\\/logo\\\/image\\\/\",\"url\":\"https:\\\/\\\/bosquealimentosvalencia.org\\\/wp-content\\\/uploads\\\/2025\\\/03\\\/cropped-Logo-Bosque-de-alimentos-Valencia-1.png\",\"contentUrl\":\"https:\\\/\\\/bosquealimentosvalencia.org\\\/wp-content\\\/uploads\\\/2025\\\/03\\\/cropped-Logo-Bosque-de-alimentos-Valencia-1.png\",\"width\":909,\"height\":835,\"caption\":\"Bosque de Alimentos Valencia\"},\"image\":{\"@id\":\"https:\\\/\\\/bosquealimentosvalencia.org\\\/#\\\/schema\\\/logo\\\/image\\\/\"}}]}<\/script>\n<!-- \/ Yoast SEO plugin. -->","yoast_head_json":{"title":"\u00bfQu\u00e9 es un bosque de alimentos? - Bosque de Alimentos Valencia","description":"Ecosistema autosuficiente dise\u00f1ado para imitar un bosque natural mientras produce alimentos","robots":{"index":"index","follow":"follow","max-snippet":"max-snippet:-1","max-image-preview":"max-image-preview:large","max-video-preview":"max-video-preview:-1"},"canonical":"https:\/\/bosquealimentosvalencia.org\/?page_id=431","og_locale":"en_US","og_type":"article","og_title":"\u00bfQu\u00e9 es un bosque de alimentos? - Bosque de Alimentos Valencia","og_description":"Ecosistema autosuficiente dise\u00f1ado para imitar un bosque natural mientras produce alimentos","og_url":"https:\/\/bosquealimentosvalencia.org\/?page_id=431","og_site_name":"Bosque de Alimentos Valencia","article_modified_time":"2025-04-04T09:38:04+00:00","og_image":[{"url":"https:\/\/bosquealimentosvalencia.org\/wp-content\/uploads\/2025\/03\/cropped-Logo-Bosque-de-alimentos-Valencia.png","type":"","width":"","height":""}],"twitter_card":"summary_large_image","twitter_misc":{"Est. reading time":"4 minutes"},"schema":{"@context":"https:\/\/schema.org","@graph":[{"@type":"WebPage","@id":"https:\/\/bosquealimentosvalencia.org\/?page_id=431","url":"https:\/\/bosquealimentosvalencia.org\/?page_id=431","name":"\u00bfQu\u00e9 es un bosque de alimentos? - Bosque de Alimentos Valencia","isPartOf":{"@id":"https:\/\/bosquealimentosvalencia.org\/#website"},"primaryImageOfPage":{"@id":"https:\/\/bosquealimentosvalencia.org\/?page_id=431#primaryimage"},"image":{"@id":"https:\/\/bosquealimentosvalencia.org\/?page_id=431#primaryimage"},"thumbnailUrl":"https:\/\/bosquealimentosvalencia.org\/wp-content\/uploads\/2025\/03\/cropped-Logo-Bosque-de-alimentos-Valencia.png","datePublished":"2025-03-14T11:57:14+00:00","dateModified":"2025-04-04T09:38:04+00:00","description":"Ecosistema autosuficiente dise\u00f1ado para imitar un bosque natural mientras produce alimentos","breadcrumb":{"@id":"https:\/\/bosquealimentosvalencia.org\/?page_id=431#breadcrumb"},"inLanguage":"en-US","potentialAction":[{"@type":"ReadAction","target":["https:\/\/bosquealimentosvalencia.org\/?page_id=431"]}]},{"@type":"ImageObject","inLanguage":"en-US","@id":"https:\/\/bosquealimentosvalencia.org\/?page_id=431#primaryimage","url":"https:\/\/bosquealimentosvalencia.org\/wp-content\/uploads\/2025\/03\/cropped-Logo-Bosque-de-alimentos-Valencia.png","contentUrl":"https:\/\/bosquealimentosvalencia.org\/wp-content\/uploads\/2025\/03\/cropped-Logo-Bosque-de-alimentos-Valencia.png","width":512,"height":512},{"@type":"BreadcrumbList","@id":"https:\/\/bosquealimentosvalencia.org\/?page_id=431#breadcrumb","itemListElement":[{"@type":"ListItem","position":1,"name":"Portada","item":"https:\/\/bosquealimentosvalencia.org\/?page_id=34&lang=en"},{"@type":"ListItem","position":2,"name":"\u00bfQu\u00e9 es un bosque de alimentos?"}]},{"@type":"WebSite","@id":"https:\/\/bosquealimentosvalencia.org\/#website","url":"https:\/\/bosquealimentosvalencia.org\/","name":"Bosque de Alimentos Valencia","description":"Our food forest in Valencia is more than just a way to grow food, it\u2019s a way to bring people together","publisher":{"@id":"https:\/\/bosquealimentosvalencia.org\/#organization"},"potentialAction":[{"@type":"SearchAction","target":{"@type":"EntryPoint","urlTemplate":"https:\/\/bosquealimentosvalencia.org\/?s={search_term_string}"},"query-input":{"@type":"PropertyValueSpecification","valueRequired":true,"valueName":"search_term_string"}}],"inLanguage":"en-US"},{"@type":"Organization","@id":"https:\/\/bosquealimentosvalencia.org\/#organization","name":"Bosque de Alimentos Valencia","url":"https:\/\/bosquealimentosvalencia.org\/","logo":{"@type":"ImageObject","inLanguage":"en-US","@id":"https:\/\/bosquealimentosvalencia.org\/#\/schema\/logo\/image\/","url":"https:\/\/bosquealimentosvalencia.org\/wp-content\/uploads\/2025\/03\/cropped-Logo-Bosque-de-alimentos-Valencia-1.png","contentUrl":"https:\/\/bosquealimentosvalencia.org\/wp-content\/uploads\/2025\/03\/cropped-Logo-Bosque-de-alimentos-Valencia-1.png","width":909,"height":835,"caption":"Bosque de Alimentos Valencia"},"image":{"@id":"https:\/\/bosquealimentosvalencia.org\/#\/schema\/logo\/image\/"}}]}},"_links":{"self":[{"href":"https:\/\/bosquealimentosvalencia.org\/index.php?rest_route=\/wp\/v2\/pages\/431","targetHints":{"allow":["GET"]}}],"collection":[{"href":"https:\/\/bosquealimentosvalencia.org\/index.php?rest_route=\/wp\/v2\/pages"}],"about":[{"href":"https:\/\/bosquealimentosvalencia.org\/index.php?rest_route=\/wp\/v2\/types\/page"}],"author":[{"embeddable":true,"href":"https:\/\/bosquealimentosvalencia.org\/index.php?rest_route=\/wp\/v2\/users\/2"}],"replies":[{"embeddable":true,"href":"https:\/\/bosquealimentosvalencia.org\/index.php?rest_route=%2Fwp%2Fv2%2Fcomments&post=431"}],"version-history":[{"count":16,"href":"https:\/\/bosquealimentosvalencia.org\/index.php?rest_route=\/wp\/v2\/pages\/431\/revisions"}],"predecessor-version":[{"id":509,"href":"https:\/\/bosquealimentosvalencia.org\/index.php?rest_route=\/wp\/v2\/pages\/431\/revisions\/509"}],"wp:attachment":[{"href":"https:\/\/bosquealimentosvalencia.org\/index.php?rest_route=%2Fwp%2Fv2%2Fmedia&parent=431"}],"curies":[{"name":"wp","href":"https:\/\/api.w.org\/{rel}","templated":true}]}}