{"id":414,"date":"2025-03-14T11:41:47","date_gmt":"2025-03-14T11:41:47","guid":{"rendered":"https:\/\/bosquealimentosvalencia.org\/?page_id=414"},"modified":"2025-04-04T09:52:20","modified_gmt":"2025-04-04T09:52:20","slug":"en-busqueda-de-terreno","status":"publish","type":"page","link":"https:\/\/bosquealimentosvalencia.org\/?page_id=414","title":{"rendered":"En b\u00fasqueda de terreno"},"content":{"rendered":"\t\t<div data-elementor-type=\"wp-page\" data-elementor-id=\"414\" class=\"elementor elementor-414\">\n\t\t\t\t<div class=\"elementor-element elementor-element-6d6a5e1 e-flex e-con-boxed e-con e-parent\" data-id=\"6d6a5e1\" data-element_type=\"container\" data-e-type=\"container\" data-settings=\"{&quot;background_background&quot;:&quot;classic&quot;}\">\n\t\t\t\t\t<div class=\"e-con-inner\">\n\t\t\t\t<div class=\"elementor-element elementor-element-73c8560 elementor-widget elementor-widget-heading\" data-id=\"73c8560\" data-element_type=\"widget\" data-e-type=\"widget\" data-widget_type=\"heading.default\">\n\t\t\t\t<div class=\"elementor-widget-container\">\n\t\t\t\t\t<h2 class=\"elementor-heading-title elementor-size-default\">El primer paso en nuestro viaje regenerativo\n<\/h2>\t\t\t\t<\/div>\n\t\t\t\t<\/div>\n\t\t\t\t\t<\/div>\n\t\t\t\t<\/div>\n\t\t<div class=\"elementor-element elementor-element-95d38e8 e-flex e-con-boxed e-con e-parent\" data-id=\"95d38e8\" data-element_type=\"container\" data-e-type=\"container\">\n\t\t\t\t\t<div class=\"e-con-inner\">\n\t\t<div class=\"elementor-element elementor-element-9fa04eb e-con-full e-flex e-con e-child\" data-id=\"9fa04eb\" data-element_type=\"container\" data-e-type=\"container\">\n\t\t\t\t<div class=\"elementor-element elementor-element-a35d705 elementor-hidden-mobile elementor-widget elementor-widget-image\" data-id=\"a35d705\" data-element_type=\"widget\" data-e-type=\"widget\" data-widget_type=\"image.default\">\n\t\t\t\t<div class=\"elementor-widget-container\">\n\t\t\t\t\t\t\t\t\t\t\t\t\t\t\t<img fetchpriority=\"high\" decoding=\"async\" width=\"1024\" height=\"512\" src=\"https:\/\/bosquealimentosvalencia.org\/wp-content\/uploads\/2025\/03\/fotos-banner-bosque-alimentos-3-1024x512.jpg\" class=\"attachment-large size-large wp-image-120\" alt=\"\" srcset=\"https:\/\/bosquealimentosvalencia.org\/wp-content\/uploads\/2025\/03\/fotos-banner-bosque-alimentos-3-1024x512.jpg 1024w, https:\/\/bosquealimentosvalencia.org\/wp-content\/uploads\/2025\/03\/fotos-banner-bosque-alimentos-3-300x150.jpg 300w, https:\/\/bosquealimentosvalencia.org\/wp-content\/uploads\/2025\/03\/fotos-banner-bosque-alimentos-3-768x384.jpg 768w, https:\/\/bosquealimentosvalencia.org\/wp-content\/uploads\/2025\/03\/fotos-banner-bosque-alimentos-3-1536x768.jpg 1536w, https:\/\/bosquealimentosvalencia.org\/wp-content\/uploads\/2025\/03\/fotos-banner-bosque-alimentos-3-2048x1024.jpg 2048w\" sizes=\"(max-width: 1024px) 100vw, 1024px\" \/>\t\t\t\t\t\t\t\t\t\t\t\t\t\t\t<\/div>\n\t\t\t\t<\/div>\n\t\t\t\t<\/div>\n\t\t<div class=\"elementor-element elementor-element-6d091ac e-con-full e-flex e-con e-child\" data-id=\"6d091ac\" data-element_type=\"container\" data-e-type=\"container\">\n\t\t\t\t<div class=\"elementor-element elementor-element-0ff15c4 elementor-widget elementor-widget-heading\" data-id=\"0ff15c4\" data-element_type=\"widget\" data-e-type=\"widget\" data-widget_type=\"heading.default\">\n\t\t\t\t<div class=\"elementor-widget-container\">\n\t\t\t\t\t<h2 class=\"elementor-heading-title elementor-size-default\">PASO 1. EN B\u00daSQUEDA DE LA PERFECTA LOCALIZACI\u00d3N<\/h2>\t\t\t\t<\/div>\n\t\t\t\t<\/div>\n\t\t\t\t<div class=\"elementor-element elementor-element-406b7e3 elementor-widget__width-initial elementor-widget elementor-widget-text-editor\" data-id=\"406b7e3\" data-element_type=\"widget\" data-e-type=\"widget\" data-widget_type=\"text-editor.default\">\n\t\t\t\t<div class=\"elementor-widget-container\">\n\t\t\t\t\t\t\t\t\t<p><span style=\"font-weight: 400;\">Estamos al comienzo de un viaje ambicioso y esperanzador: encontrar la tierra adecuada para hacer realidad nuestra visi\u00f3n. Esta es la primera etapa de nuestro proyecto, en la que buscamos no solo el terreno ideal, sino tambi\u00e9n una comunidad fuerte y solidaria a su alrededor.<\/span><\/p>\t\t\t\t\t\t\t\t<\/div>\n\t\t\t\t<\/div>\n\t\t\t\t<\/div>\n\t\t\t\t\t<\/div>\n\t\t\t\t<\/div>\n\t\t<div class=\"elementor-element elementor-element-aa968b5 e-flex e-con-boxed e-con e-parent\" data-id=\"aa968b5\" data-element_type=\"container\" data-e-type=\"container\" data-settings=\"{&quot;background_background&quot;:&quot;classic&quot;}\">\n\t\t\t\t\t<div class=\"e-con-inner\">\n\t\t\t\t<div class=\"elementor-element elementor-element-cf20d29 elementor-widget__width-initial elementor-hidden-mobile elementor-widget elementor-widget-eael-fancy-text\" data-id=\"cf20d29\" data-element_type=\"widget\" data-e-type=\"widget\" data-widget_type=\"eael-fancy-text.default\">\n\t\t\t\t<div class=\"elementor-widget-container\">\n\t\t\t\t\t\n\t<div  class=\"eael-fancy-text-container style-1\" data-fancy-text-id=\"cf20d29\" data-fancy-text=\"|buscando\" data-fancy-text-transition-type=\"typing\" data-fancy-text-speed=\"50\" data-fancy-text-delay=\"2500\" data-fancy-text-cursor=\"yes\" data-fancy-text-loop=\"yes\" data-fancy-text-action=\"page_load\" >\n\t\t\t\t\t<span class=\"eael-fancy-text-prefix\">Lo que estamos  <\/span>\n\t\t\n\t\t\n\t\t\t\t\t<span id=\"eael-fancy-text-cf20d29\" class=\"eael-fancy-text-strings solid-color\">\n\t\t\t\t<noscript>\n\t\t\t\t\tbuscando\t\t\t\t<\/noscript>\n\t\t\t<\/span>\n\t\t\n\t\t\t<\/div><!-- close .eael-fancy-text-container -->\n\n\t<div class=\"clearfix\"><\/div>\n\n\t\t\t\t\t<\/div>\n\t\t\t\t<\/div>\n\t\t\t\t<div class=\"elementor-element elementor-element-9c2738d elementor-hidden-desktop elementor-hidden-tablet elementor-widget elementor-widget-heading\" data-id=\"9c2738d\" data-element_type=\"widget\" data-e-type=\"widget\" data-widget_type=\"heading.default\">\n\t\t\t\t<div class=\"elementor-widget-container\">\n\t\t\t\t\t<h2 class=\"elementor-heading-title elementor-size-default\">LO QUE ESTAMOS BUSCANDO<\/h2>\t\t\t\t<\/div>\n\t\t\t\t<\/div>\n\t\t<div class=\"elementor-element elementor-element-cf7d665 e-grid e-con-full e-con e-child\" data-id=\"cf7d665\" data-element_type=\"container\" data-e-type=\"container\">\n\t\t\t\t<div class=\"elementor-element elementor-element-ff06fbb elementor-widget elementor-widget-text-editor\" data-id=\"ff06fbb\" data-element_type=\"widget\" data-e-type=\"widget\" data-widget_type=\"text-editor.default\">\n\t\t\t\t<div class=\"elementor-widget-container\">\n\t\t\t\t\t\t\t\t\t<p><span style=\"font-weight: 400;\">Nuestro objetivo es encontrar una finca de tama\u00f1o considerable a una hora en coche de la ciudad de Valencia, un lugar donde podamos establecer un pr\u00f3spero proyecto de agroforester\u00eda regenerativa. Idealmente, la tierra deber\u00eda tener al menos 6 hect\u00e1reas, aunque 60 hect\u00e1reas o m\u00e1s ser\u00edan a\u00fan mejores. Cuanto mayor sea el espacio, mayor ser\u00e1 la oportunidad de restaurar la salud del suelo, aumentar la biodiversidad y crear un sistema agr\u00edcola resiliente.<\/span><\/p><p><span style=\"font-weight: 400;\">Ser\u00eda maravilloso si la tierra ya tuviera \u00e1rboles, ya sean almendros, aguacates, naranjos u otras especies frutales y de frutos secos. Una combinaci\u00f3n de cultivos arb\u00f3reos existentes proporcionar\u00eda una ventaja inicial para crear un paisaje diverso y productivo.<\/span><\/p>\t\t\t\t\t\t\t\t<\/div>\n\t\t\t\t<\/div>\n\t\t\t\t<div class=\"elementor-element elementor-element-6890db0 elementor-widget elementor-widget-image\" data-id=\"6890db0\" data-element_type=\"widget\" data-e-type=\"widget\" data-widget_type=\"image.default\">\n\t\t\t\t<div class=\"elementor-widget-container\">\n\t\t\t\t\t\t\t\t\t\t\t\t\t\t\t<img decoding=\"async\" width=\"1024\" height=\"768\" src=\"https:\/\/bosquealimentosvalencia.org\/wp-content\/uploads\/2025\/03\/portaconfi-12.jpg\" class=\"attachment-large size-large wp-image-132\" alt=\"\" srcset=\"https:\/\/bosquealimentosvalencia.org\/wp-content\/uploads\/2025\/03\/portaconfi-12.jpg 1024w, https:\/\/bosquealimentosvalencia.org\/wp-content\/uploads\/2025\/03\/portaconfi-12-300x225.jpg 300w, https:\/\/bosquealimentosvalencia.org\/wp-content\/uploads\/2025\/03\/portaconfi-12-768x576.jpg 768w\" sizes=\"(max-width: 1024px) 100vw, 1024px\" \/>\t\t\t\t\t\t\t\t\t\t\t\t\t\t\t<\/div>\n\t\t\t\t<\/div>\n\t\t\t\t<\/div>\n\t\t\t\t\t<\/div>\n\t\t\t\t<\/div>\n\t\t<div class=\"elementor-element elementor-element-0286599 e-flex e-con-boxed e-con e-parent\" data-id=\"0286599\" data-element_type=\"container\" data-e-type=\"container\">\n\t\t\t\t\t<div class=\"e-con-inner\">\n\t\t<div class=\"elementor-element elementor-element-ea62021 e-con-full e-flex e-con e-child\" data-id=\"ea62021\" data-element_type=\"container\" data-e-type=\"container\">\n\t\t\t\t<div class=\"elementor-element elementor-element-9ff9f09 elementor-widget elementor-widget-image\" data-id=\"9ff9f09\" data-element_type=\"widget\" data-e-type=\"widget\" data-widget_type=\"image.default\">\n\t\t\t\t<div class=\"elementor-widget-container\">\n\t\t\t\t\t\t\t\t\t\t\t\t\t\t\t<img decoding=\"async\" width=\"1024\" height=\"637\" src=\"https:\/\/bosquealimentosvalencia.org\/wp-content\/uploads\/2025\/03\/portaconfi-13-e1741175063800.jpg\" class=\"attachment-large size-large wp-image-133\" alt=\"\" srcset=\"https:\/\/bosquealimentosvalencia.org\/wp-content\/uploads\/2025\/03\/portaconfi-13-e1741175063800.jpg 1024w, https:\/\/bosquealimentosvalencia.org\/wp-content\/uploads\/2025\/03\/portaconfi-13-e1741175063800-300x187.jpg 300w, https:\/\/bosquealimentosvalencia.org\/wp-content\/uploads\/2025\/03\/portaconfi-13-e1741175063800-768x478.jpg 768w\" sizes=\"(max-width: 1024px) 100vw, 1024px\" \/>\t\t\t\t\t\t\t\t\t\t\t\t\t\t\t<\/div>\n\t\t\t\t<\/div>\n\t\t\t\t<\/div>\n\t\t<div class=\"elementor-element elementor-element-6aba5b0 e-con-full e-flex e-con e-child\" data-id=\"6aba5b0\" data-element_type=\"container\" data-e-type=\"container\">\n\t\t\t\t<div class=\"elementor-element elementor-element-6a81f61 elementor-widget elementor-widget-heading\" data-id=\"6a81f61\" data-element_type=\"widget\" data-e-type=\"widget\" data-widget_type=\"heading.default\">\n\t\t\t\t<div class=\"elementor-widget-container\">\n\t\t\t\t\t<h2 class=\"elementor-heading-title elementor-size-default\">\u00bfC\u00f3mo puedes ayudar?<\/h2>\t\t\t\t<\/div>\n\t\t\t\t<\/div>\n\t\t\t\t<div class=\"elementor-element elementor-element-87b4be7 elementor-widget elementor-widget-text-editor\" data-id=\"87b4be7\" data-element_type=\"widget\" data-e-type=\"widget\" data-widget_type=\"text-editor.default\">\n\t\t\t\t<div class=\"elementor-widget-container\">\n\t\t\t\t\t\t\t\t\t<p><span style=\"font-weight: 400;\">Encontrar la tierra adecuada no se trata solo de buscar en l\u00ednea o recorrer el campo, sino de conexiones. <strong>\u00bfConoces alguna propiedad que pueda ser adecuada? \u00bfTienes contactos en el sector inmobiliario, agr\u00edcola o en comunidades de conservaci\u00f3n de tierras?<\/strong> Si es as\u00ed, nos encantar\u00eda saber de ti.<\/span><\/p>\t\t\t\t\t\t\t\t<\/div>\n\t\t\t\t<\/div>\n\t\t\t\t<div class=\"elementor-element elementor-element-6301a20 elementor-mobile-align-center elementor-widget elementor-widget-button\" data-id=\"6301a20\" data-element_type=\"widget\" data-e-type=\"widget\" data-widget_type=\"button.default\">\n\t\t\t\t<div class=\"elementor-widget-container\">\n\t\t\t\t\t\t\t\t\t<div class=\"elementor-button-wrapper\">\n\t\t\t\t\t<a class=\"elementor-button elementor-button-link elementor-size-sm\" href=\"https:\/\/bosquealimentosvalencia.org\/?page_id=426\">\n\t\t\t\t\t\t<span class=\"elementor-button-content-wrapper\">\n\t\t\t\t\t\t\t\t\t<span class=\"elementor-button-text\">Cont\u00e1ctanos<\/span>\n\t\t\t\t\t<\/span>\n\t\t\t\t\t<\/a>\n\t\t\t\t<\/div>\n\t\t\t\t\t\t\t\t<\/div>\n\t\t\t\t<\/div>\n\t\t\t\t<\/div>\n\t\t\t\t\t<\/div>\n\t\t\t\t<\/div>\n\t\t<div class=\"elementor-element elementor-element-a89bdbf e-flex e-con-boxed e-con e-parent\" data-id=\"a89bdbf\" data-element_type=\"container\" data-e-type=\"container\" data-settings=\"{&quot;background_background&quot;:&quot;classic&quot;}\">\n\t\t\t\t\t<div class=\"e-con-inner\">\n\t\t\t\t<div class=\"elementor-element elementor-element-b0cb2d9 elementor-widget elementor-widget-heading\" data-id=\"b0cb2d9\" data-element_type=\"widget\" data-e-type=\"widget\" data-widget_type=\"heading.default\">\n\t\t\t\t<div class=\"elementor-widget-container\">\n\t\t\t\t\t<h2 class=\"elementor-heading-title elementor-size-default\">Otros requisitos de la tierra<\/h2>\t\t\t\t<\/div>\n\t\t\t\t<\/div>\n\t\t<div class=\"elementor-element elementor-element-03cc064 e-grid e-con-full e-con e-child\" data-id=\"03cc064\" data-element_type=\"container\" data-e-type=\"container\">\n\t\t\t\t<div class=\"elementor-element elementor-element-27e438f elementor-widget elementor-widget-text-editor\" data-id=\"27e438f\" data-element_type=\"widget\" data-e-type=\"widget\" data-widget_type=\"text-editor.default\">\n\t\t\t\t<div class=\"elementor-widget-container\">\n\t\t\t\t\t\t\t\t\t<p><span style=\"font-weight: 400;\">Otro requisito clave es que la propiedad tenga una construcci\u00f3n, un lugar para almacenar herramientas, recibir invitados y servir de hogar para una familia. Cuanto m\u00e1s grande sea el edificio, mejor, ya que nos permitir\u00e1 albergar reuniones comunitarias, talleres y programas educativos.<\/span><\/p>\t\t\t\t\t\t\t\t<\/div>\n\t\t\t\t<\/div>\n\t\t\t\t<div class=\"elementor-element elementor-element-24f6628 elementor-widget elementor-widget-text-editor\" data-id=\"24f6628\" data-element_type=\"widget\" data-e-type=\"widget\" data-widget_type=\"text-editor.default\">\n\t\t\t\t<div class=\"elementor-widget-container\">\n\t\t\t\t\t\t\t\t\t<p><span style=\"font-weight: 400;\">La granja deber\u00eda estar ubicada en o cerca de un pueblo donde los vecinos tengan una actitud positiva hacia nuestra misi\u00f3n. Una ubicaci\u00f3n cercana a la naturaleza, con bosques, r\u00edos u otros paisajes naturales, tambi\u00e9n ser\u00eda un gran valor a\u00f1adido.<\/span><\/p>\t\t\t\t\t\t\t\t<\/div>\n\t\t\t\t<\/div>\n\t\t\t\t<\/div>\n\t\t\t\t\t<\/div>\n\t\t\t\t<\/div>\n\t\t\t\t<\/div>\n\t\t","protected":false},"excerpt":{"rendered":"<p>El primer paso en nuestro viaje regenerativo PASO 1. EN B\u00daSQUEDA DE LA PERFECTA LOCALIZACI\u00d3N Estamos al comienzo de un [&hellip;]<\/p>\n","protected":false},"author":2,"featured_media":0,"parent":0,"menu_order":2,"comment_status":"closed","ping_status":"closed","template":"","meta":{"site-sidebar-layout":"no-sidebar","site-content-layout":"","ast-site-content-layout":"full-width-container","site-content-style":"default","site-sidebar-style":"default","ast-global-header-display":"","ast-banner-title-visibility":"","ast-main-header-display":"","ast-hfb-above-header-display":"","ast-hfb-below-header-display":"","ast-hfb-mobile-header-display":"","site-post-title":"disabled","ast-breadcrumbs-content":"","ast-featured-img":"disabled","footer-sml-layout":"","ast-disable-related-posts":"","theme-transparent-header-meta":"","adv-header-id-meta":"","stick-header-meta":"","header-above-stick-meta":"","header-main-stick-meta":"","header-below-stick-meta":"","astra-migrate-meta-layouts":"default","ast-page-background-enabled":"default","ast-page-background-meta":{"desktop":{"background-color":"var(--ast-global-color-5)","background-image":"","background-repeat":"repeat","background-position":"center center","background-size":"auto","background-attachment":"scroll","background-type":"","background-media":"","overlay-type":"","overlay-color":"","overlay-opacity":"","overlay-gradient":""},"tablet":{"background-color":"","background-image":"","background-repeat":"repeat","background-position":"center center","background-size":"auto","background-attachment":"scroll","background-type":"","background-media":"","overlay-type":"","overlay-color":"","overlay-opacity":"","overlay-gradient":""},"mobile":{"background-color":"","background-image":"","background-repeat":"repeat","background-position":"center center","background-size":"auto","background-attachment":"scroll","background-type":"","background-media":"","overlay-type":"","overlay-color":"","overlay-opacity":"","overlay-gradient":""}},"ast-content-background-meta":{"desktop":{"background-color":"var(--ast-global-color-4)","background-image":"","background-repeat":"repeat","background-position":"center center","background-size":"auto","background-attachment":"scroll","background-type":"","background-media":"","overlay-type":"","overlay-color":"","overlay-opacity":"","overlay-gradient":""},"tablet":{"background-color":"var(--ast-global-color-4)","background-image":"","background-repeat":"repeat","background-position":"center center","background-size":"auto","background-attachment":"scroll","background-type":"","background-media":"","overlay-type":"","overlay-color":"","overlay-opacity":"","overlay-gradient":""},"mobile":{"background-color":"var(--ast-global-color-4)","background-image":"","background-repeat":"repeat","background-position":"center center","background-size":"auto","background-attachment":"scroll","background-type":"","background-media":"","overlay-type":"","overlay-color":"","overlay-opacity":"","overlay-gradient":""}},"footnotes":""},"class_list":["post-414","page","type-page","status-publish","hentry"],"yoast_head":"<!-- This site is optimized with the Yoast SEO plugin v27.5 - https:\/\/yoast.com\/product\/yoast-seo-wordpress\/ -->\n<title>En b\u00fasqueda de terreno - Bosque de Alimentos Valencia<\/title>\n<meta name=\"description\" content=\"Esta es la primera etapa de nuestro proyecto en la que buscamos el terreno ideal y una comunidad fuerte y solidaria a su alrededor.\" \/>\n<meta name=\"robots\" content=\"index, follow, max-snippet:-1, max-image-preview:large, max-video-preview:-1\" \/>\n<link rel=\"canonical\" href=\"https:\/\/bosquealimentosvalencia.org\/?page_id=414\" \/>\n<meta property=\"og:locale\" content=\"en_US\" \/>\n<meta property=\"og:type\" content=\"article\" \/>\n<meta property=\"og:title\" content=\"En b\u00fasqueda de terreno - Bosque de Alimentos Valencia\" \/>\n<meta property=\"og:description\" content=\"Esta es la primera etapa de nuestro proyecto en la que buscamos el terreno ideal y una comunidad fuerte y solidaria a su alrededor.\" \/>\n<meta property=\"og:url\" content=\"https:\/\/bosquealimentosvalencia.org\/?page_id=414\" \/>\n<meta property=\"og:site_name\" content=\"Bosque de Alimentos Valencia\" \/>\n<meta property=\"article:modified_time\" content=\"2025-04-04T09:52:20+00:00\" \/>\n<meta property=\"og:image\" content=\"https:\/\/bosquealimentosvalencia.org\/wp-content\/uploads\/2025\/03\/fotos-banner-bosque-alimentos-3-1024x512.jpg\" \/>\n<meta name=\"twitter:card\" content=\"summary_large_image\" \/>\n<meta name=\"twitter:label1\" content=\"Est. reading time\" \/>\n\t<meta name=\"twitter:data1\" content=\"2 minutes\" \/>\n<script type=\"application\/ld+json\" class=\"yoast-schema-graph\">{\"@context\":\"https:\\\/\\\/schema.org\",\"@graph\":[{\"@type\":\"WebPage\",\"@id\":\"https:\\\/\\\/bosquealimentosvalencia.org\\\/?page_id=414\",\"url\":\"https:\\\/\\\/bosquealimentosvalencia.org\\\/?page_id=414\",\"name\":\"En b\u00fasqueda de terreno - Bosque de Alimentos Valencia\",\"isPartOf\":{\"@id\":\"https:\\\/\\\/bosquealimentosvalencia.org\\\/#website\"},\"primaryImageOfPage\":{\"@id\":\"https:\\\/\\\/bosquealimentosvalencia.org\\\/?page_id=414#primaryimage\"},\"image\":{\"@id\":\"https:\\\/\\\/bosquealimentosvalencia.org\\\/?page_id=414#primaryimage\"},\"thumbnailUrl\":\"https:\\\/\\\/bosquealimentosvalencia.org\\\/wp-content\\\/uploads\\\/2025\\\/03\\\/fotos-banner-bosque-alimentos-3-1024x512.jpg\",\"datePublished\":\"2025-03-14T11:41:47+00:00\",\"dateModified\":\"2025-04-04T09:52:20+00:00\",\"description\":\"Esta es la primera etapa de nuestro proyecto en la que buscamos el terreno ideal y una comunidad fuerte y solidaria a su alrededor.\",\"breadcrumb\":{\"@id\":\"https:\\\/\\\/bosquealimentosvalencia.org\\\/?page_id=414#breadcrumb\"},\"inLanguage\":\"en-US\",\"potentialAction\":[{\"@type\":\"ReadAction\",\"target\":[\"https:\\\/\\\/bosquealimentosvalencia.org\\\/?page_id=414\"]}]},{\"@type\":\"ImageObject\",\"inLanguage\":\"en-US\",\"@id\":\"https:\\\/\\\/bosquealimentosvalencia.org\\\/?page_id=414#primaryimage\",\"url\":\"https:\\\/\\\/bosquealimentosvalencia.org\\\/wp-content\\\/uploads\\\/2025\\\/03\\\/fotos-banner-bosque-alimentos-3-scaled.jpg\",\"contentUrl\":\"https:\\\/\\\/bosquealimentosvalencia.org\\\/wp-content\\\/uploads\\\/2025\\\/03\\\/fotos-banner-bosque-alimentos-3-scaled.jpg\",\"width\":2560,\"height\":1280},{\"@type\":\"BreadcrumbList\",\"@id\":\"https:\\\/\\\/bosquealimentosvalencia.org\\\/?page_id=414#breadcrumb\",\"itemListElement\":[{\"@type\":\"ListItem\",\"position\":1,\"name\":\"Portada\",\"item\":\"https:\\\/\\\/bosquealimentosvalencia.org\\\/?page_id=34&lang=en\"},{\"@type\":\"ListItem\",\"position\":2,\"name\":\"En b\u00fasqueda de terreno\"}]},{\"@type\":\"WebSite\",\"@id\":\"https:\\\/\\\/bosquealimentosvalencia.org\\\/#website\",\"url\":\"https:\\\/\\\/bosquealimentosvalencia.org\\\/\",\"name\":\"Bosque de Alimentos Valencia\",\"description\":\"Our food forest in Valencia is more than just a way to grow food, it\u2019s a way to bring people together\",\"publisher\":{\"@id\":\"https:\\\/\\\/bosquealimentosvalencia.org\\\/#organization\"},\"potentialAction\":[{\"@type\":\"SearchAction\",\"target\":{\"@type\":\"EntryPoint\",\"urlTemplate\":\"https:\\\/\\\/bosquealimentosvalencia.org\\\/?s={search_term_string}\"},\"query-input\":{\"@type\":\"PropertyValueSpecification\",\"valueRequired\":true,\"valueName\":\"search_term_string\"}}],\"inLanguage\":\"en-US\"},{\"@type\":\"Organization\",\"@id\":\"https:\\\/\\\/bosquealimentosvalencia.org\\\/#organization\",\"name\":\"Bosque de Alimentos Valencia\",\"url\":\"https:\\\/\\\/bosquealimentosvalencia.org\\\/\",\"logo\":{\"@type\":\"ImageObject\",\"inLanguage\":\"en-US\",\"@id\":\"https:\\\/\\\/bosquealimentosvalencia.org\\\/#\\\/schema\\\/logo\\\/image\\\/\",\"url\":\"https:\\\/\\\/bosquealimentosvalencia.org\\\/wp-content\\\/uploads\\\/2025\\\/03\\\/cropped-Logo-Bosque-de-alimentos-Valencia-1.png\",\"contentUrl\":\"https:\\\/\\\/bosquealimentosvalencia.org\\\/wp-content\\\/uploads\\\/2025\\\/03\\\/cropped-Logo-Bosque-de-alimentos-Valencia-1.png\",\"width\":909,\"height\":835,\"caption\":\"Bosque de Alimentos Valencia\"},\"image\":{\"@id\":\"https:\\\/\\\/bosquealimentosvalencia.org\\\/#\\\/schema\\\/logo\\\/image\\\/\"}}]}<\/script>\n<!-- \/ Yoast SEO plugin. -->","yoast_head_json":{"title":"En b\u00fasqueda de terreno - Bosque de Alimentos Valencia","description":"Esta es la primera etapa de nuestro proyecto en la que buscamos el terreno ideal y una comunidad fuerte y solidaria a su alrededor.","robots":{"index":"index","follow":"follow","max-snippet":"max-snippet:-1","max-image-preview":"max-image-preview:large","max-video-preview":"max-video-preview:-1"},"canonical":"https:\/\/bosquealimentosvalencia.org\/?page_id=414","og_locale":"en_US","og_type":"article","og_title":"En b\u00fasqueda de terreno - Bosque de Alimentos Valencia","og_description":"Esta es la primera etapa de nuestro proyecto en la que buscamos el terreno ideal y una comunidad fuerte y solidaria a su alrededor.","og_url":"https:\/\/bosquealimentosvalencia.org\/?page_id=414","og_site_name":"Bosque de Alimentos Valencia","article_modified_time":"2025-04-04T09:52:20+00:00","og_image":[{"url":"https:\/\/bosquealimentosvalencia.org\/wp-content\/uploads\/2025\/03\/fotos-banner-bosque-alimentos-3-1024x512.jpg","type":"","width":"","height":""}],"twitter_card":"summary_large_image","twitter_misc":{"Est. reading time":"2 minutes"},"schema":{"@context":"https:\/\/schema.org","@graph":[{"@type":"WebPage","@id":"https:\/\/bosquealimentosvalencia.org\/?page_id=414","url":"https:\/\/bosquealimentosvalencia.org\/?page_id=414","name":"En b\u00fasqueda de terreno - Bosque de Alimentos Valencia","isPartOf":{"@id":"https:\/\/bosquealimentosvalencia.org\/#website"},"primaryImageOfPage":{"@id":"https:\/\/bosquealimentosvalencia.org\/?page_id=414#primaryimage"},"image":{"@id":"https:\/\/bosquealimentosvalencia.org\/?page_id=414#primaryimage"},"thumbnailUrl":"https:\/\/bosquealimentosvalencia.org\/wp-content\/uploads\/2025\/03\/fotos-banner-bosque-alimentos-3-1024x512.jpg","datePublished":"2025-03-14T11:41:47+00:00","dateModified":"2025-04-04T09:52:20+00:00","description":"Esta es la primera etapa de nuestro proyecto en la que buscamos el terreno ideal y una comunidad fuerte y solidaria a su alrededor.","breadcrumb":{"@id":"https:\/\/bosquealimentosvalencia.org\/?page_id=414#breadcrumb"},"inLanguage":"en-US","potentialAction":[{"@type":"ReadAction","target":["https:\/\/bosquealimentosvalencia.org\/?page_id=414"]}]},{"@type":"ImageObject","inLanguage":"en-US","@id":"https:\/\/bosquealimentosvalencia.org\/?page_id=414#primaryimage","url":"https:\/\/bosquealimentosvalencia.org\/wp-content\/uploads\/2025\/03\/fotos-banner-bosque-alimentos-3-scaled.jpg","contentUrl":"https:\/\/bosquealimentosvalencia.org\/wp-content\/uploads\/2025\/03\/fotos-banner-bosque-alimentos-3-scaled.jpg","width":2560,"height":1280},{"@type":"BreadcrumbList","@id":"https:\/\/bosquealimentosvalencia.org\/?page_id=414#breadcrumb","itemListElement":[{"@type":"ListItem","position":1,"name":"Portada","item":"https:\/\/bosquealimentosvalencia.org\/?page_id=34&lang=en"},{"@type":"ListItem","position":2,"name":"En b\u00fasqueda de terreno"}]},{"@type":"WebSite","@id":"https:\/\/bosquealimentosvalencia.org\/#website","url":"https:\/\/bosquealimentosvalencia.org\/","name":"Bosque de Alimentos Valencia","description":"Our food forest in Valencia is more than just a way to grow food, it\u2019s a way to bring people together","publisher":{"@id":"https:\/\/bosquealimentosvalencia.org\/#organization"},"potentialAction":[{"@type":"SearchAction","target":{"@type":"EntryPoint","urlTemplate":"https:\/\/bosquealimentosvalencia.org\/?s={search_term_string}"},"query-input":{"@type":"PropertyValueSpecification","valueRequired":true,"valueName":"search_term_string"}}],"inLanguage":"en-US"},{"@type":"Organization","@id":"https:\/\/bosquealimentosvalencia.org\/#organization","name":"Bosque de Alimentos Valencia","url":"https:\/\/bosquealimentosvalencia.org\/","logo":{"@type":"ImageObject","inLanguage":"en-US","@id":"https:\/\/bosquealimentosvalencia.org\/#\/schema\/logo\/image\/","url":"https:\/\/bosquealimentosvalencia.org\/wp-content\/uploads\/2025\/03\/cropped-Logo-Bosque-de-alimentos-Valencia-1.png","contentUrl":"https:\/\/bosquealimentosvalencia.org\/wp-content\/uploads\/2025\/03\/cropped-Logo-Bosque-de-alimentos-Valencia-1.png","width":909,"height":835,"caption":"Bosque de Alimentos Valencia"},"image":{"@id":"https:\/\/bosquealimentosvalencia.org\/#\/schema\/logo\/image\/"}}]}},"_links":{"self":[{"href":"https:\/\/bosquealimentosvalencia.org\/index.php?rest_route=\/wp\/v2\/pages\/414","targetHints":{"allow":["GET"]}}],"collection":[{"href":"https:\/\/bosquealimentosvalencia.org\/index.php?rest_route=\/wp\/v2\/pages"}],"about":[{"href":"https:\/\/bosquealimentosvalencia.org\/index.php?rest_route=\/wp\/v2\/types\/page"}],"author":[{"embeddable":true,"href":"https:\/\/bosquealimentosvalencia.org\/index.php?rest_route=\/wp\/v2\/users\/2"}],"replies":[{"embeddable":true,"href":"https:\/\/bosquealimentosvalencia.org\/index.php?rest_route=%2Fwp%2Fv2%2Fcomments&post=414"}],"version-history":[{"count":10,"href":"https:\/\/bosquealimentosvalencia.org\/index.php?rest_route=\/wp\/v2\/pages\/414\/revisions"}],"predecessor-version":[{"id":525,"href":"https:\/\/bosquealimentosvalencia.org\/index.php?rest_route=\/wp\/v2\/pages\/414\/revisions\/525"}],"wp:attachment":[{"href":"https:\/\/bosquealimentosvalencia.org\/index.php?rest_route=%2Fwp%2Fv2%2Fmedia&parent=414"}],"curies":[{"name":"wp","href":"https:\/\/api.w.org\/{rel}","templated":true}]}}