{"id":404,"date":"2025-03-14T11:23:11","date_gmt":"2025-03-14T11:23:11","guid":{"rendered":"https:\/\/bosquealimentosvalencia.org\/?page_id=404"},"modified":"2025-04-04T09:56:16","modified_gmt":"2025-04-04T09:56:16","slug":"sobre-nosotros-bosque-alimentos-valencia","status":"publish","type":"page","link":"https:\/\/bosquealimentosvalencia.org\/?page_id=404","title":{"rendered":"Sobre nosotros"},"content":{"rendered":"\t\t<div data-elementor-type=\"wp-page\" data-elementor-id=\"404\" class=\"elementor elementor-404\">\n\t\t\t\t<div class=\"elementor-element elementor-element-ee758fa e-flex e-con-boxed e-con e-parent\" data-id=\"ee758fa\" data-element_type=\"container\" data-e-type=\"container\" data-settings=\"{&quot;background_background&quot;:&quot;classic&quot;}\">\n\t\t\t\t\t<div class=\"e-con-inner\">\n\t\t\t\t<div class=\"elementor-element elementor-element-22ace00 elementor-widget elementor-widget-heading\" data-id=\"22ace00\" data-element_type=\"widget\" data-e-type=\"widget\" data-widget_type=\"heading.default\">\n\t\t\t\t<div class=\"elementor-widget-container\">\n\t\t\t\t\t<h2 class=\"elementor-heading-title elementor-size-default\">Un proyecto de futuro<\/h2>\t\t\t\t<\/div>\n\t\t\t\t<\/div>\n\t\t\t\t<div class=\"elementor-element elementor-element-705bea7 elementor-widget elementor-widget-text-editor\" data-id=\"705bea7\" data-element_type=\"widget\" data-e-type=\"widget\" data-widget_type=\"text-editor.default\">\n\t\t\t\t<div class=\"elementor-widget-container\">\n\t\t\t\t\t\t\t\t\t<p><span style=\"font-weight: 400;\">La alquer\u00eda ser\u00e1 propiedad y estar\u00e1 gestionada por una fundaci\u00f3n ben\u00e9fica espa\u00f1ola que se establecer\u00e1 pr\u00f3ximamente. Al no haber propiedad privada, aseguramos la misi\u00f3n del proyecto durante d\u00e9cadas o incluso siglos.<\/span><\/p><p><span style=\"font-weight: 400;\">Con financiaci\u00f3n inicial de donantes en los Pa\u00edses Bajos, estamos creando un lugar donde la agricultura regenerativa, la agroforester\u00eda y la restauraci\u00f3n de la biodiversidad se unen para demostrar lo que es posible cuando cultivamos en colaboraci\u00f3n con la comunidad y en armon\u00eda con la naturaleza.<\/span><\/p>\t\t\t\t\t\t\t\t<\/div>\n\t\t\t\t<\/div>\n\t\t\t\t\t<\/div>\n\t\t\t\t<\/div>\n\t\t<div class=\"elementor-element elementor-element-c16367c e-flex e-con-boxed e-con e-parent\" data-id=\"c16367c\" data-element_type=\"container\" data-e-type=\"container\">\n\t\t\t\t\t<div class=\"e-con-inner\">\n\t\t\t\t<div class=\"elementor-element elementor-element-8ba18a7 elementor-widget elementor-widget-heading\" data-id=\"8ba18a7\" data-element_type=\"widget\" data-e-type=\"widget\" data-widget_type=\"heading.default\">\n\t\t\t\t<div class=\"elementor-widget-container\">\n\t\t\t\t\t<h2 class=\"elementor-heading-title elementor-size-default\">Nosotros<\/h2>\t\t\t\t<\/div>\n\t\t\t\t<\/div>\n\t\t\t\t\t<\/div>\n\t\t\t\t<\/div>\n\t\t<div class=\"elementor-element elementor-element-e12b458 e-con-full e-flex e-con e-parent\" data-id=\"e12b458\" data-element_type=\"container\" data-e-type=\"container\" data-settings=\"{&quot;background_background&quot;:&quot;classic&quot;}\">\n\t\t<div class=\"elementor-element elementor-element-a03149f e-con-full e-flex e-con e-child\" data-id=\"a03149f\" data-element_type=\"container\" data-e-type=\"container\">\n\t\t\t\t<div class=\"elementor-element elementor-element-714b434 eael-flip-box--3d eael-flipbox-content-align-center elementor-widget elementor-widget-eael-flip-box\" data-id=\"714b434\" data-element_type=\"widget\" data-e-type=\"widget\" data-widget_type=\"eael-flip-box.default\">\n\t\t\t\t<div class=\"elementor-widget-container\">\n\t\t\t\t\t        <div class=\"eael-elements-flip-box-container eael-animate-flip eael-animate-left eael-content eael-flip-box-hover eael-flipbox-fixed-height eael-flipbox-dynamic\">\n\n            <div class=\"eael-elements-flip-box-flip-card\">\n                <div class=\"eael-elements-flip-box-front-container\">\n                    \n                    \n                        <div class=\"eael-elements-slider-display-table\">\n                            <div class=\"eael-elements-flip-box-vertical-align\">\n                                <div class=\"eael-elements-flip-box-padding\">\n                                    <div class=\"eael-elements-flip-box-icon-image\">\n                                                                                                                                                                        <\/div>\n                                    <h3 class=\"eael-elements-flip-box-heading\">Los fundadores<\/h3>                                    <div class=\"eael-elements-flip-box-content\">\n\t                                                                        <\/div>\n                                <\/div>\n                            <\/div>\n                        <\/div>\n                                    <\/div>\n\n                <div class=\"eael-elements-flip-box-rear-container\">\n                                                                <div class=\"eael-elements-slider-display-table\">\n                            <div class=\"eael-elements-flip-box-vertical-align\">\n                                <div class=\"eael-elements-flip-box-padding\">\n                                                                            <div class=\"eael-elements-flip-box-icon-image\">\n                                                                                            <\/div>\n                                                                                                            <div class=\"eael-elements-flip-box-content\">\n                                        <p><span style=\"font-weight: 400\">Mark Hillen y Tom Mossel, quienes comparten un profundo compromiso con la sostenibilidad y el impacto social<\/span><\/p>                                    <\/div>\n\n                                                                    <\/div>\n                            <\/div>\n                        <\/div>\n                                    <\/div>\n            <\/div>\n        <\/div>\n        \t\t\t\t<\/div>\n\t\t\t\t<\/div>\n\t\t\t\t<\/div>\n\t\t<div class=\"elementor-element elementor-element-5fd3ac3 e-con-full e-flex e-con e-child\" data-id=\"5fd3ac3\" data-element_type=\"container\" data-e-type=\"container\">\n\t\t\t\t<div class=\"elementor-element elementor-element-00006ce eael-flip-box--3d eael-flipbox-content-align-center elementor-widget elementor-widget-eael-flip-box\" data-id=\"00006ce\" data-element_type=\"widget\" data-e-type=\"widget\" data-widget_type=\"eael-flip-box.default\">\n\t\t\t\t<div class=\"elementor-widget-container\">\n\t\t\t\t\t        <div class=\"eael-elements-flip-box-container eael-animate-flip eael-animate-left eael-content eael-flip-box-hover eael-flipbox-fixed-height eael-flipbox-dynamic\">\n\n            <div class=\"eael-elements-flip-box-flip-card\">\n                <div class=\"eael-elements-flip-box-front-container\">\n                    \n                    \n                        <div class=\"eael-elements-slider-display-table\">\n                            <div class=\"eael-elements-flip-box-vertical-align\">\n                                <div class=\"eael-elements-flip-box-padding\">\n                                    <div class=\"eael-elements-flip-box-icon-image\">\n                                                                                                                                                                        <\/div>\n                                    <h3 class=\"eael-elements-flip-box-heading\">Nuestra base<\/h3>                                    <div class=\"eael-elements-flip-box-content\">\n\t                                                                        <\/div>\n                                <\/div>\n                            <\/div>\n                        <\/div>\n                                    <\/div>\n\n                <div class=\"eael-elements-flip-box-rear-container\">\n                                                                <div class=\"eael-elements-slider-display-table\">\n                            <div class=\"eael-elements-flip-box-vertical-align\">\n                                <div class=\"eael-elements-flip-box-padding\">\n                                                                            <div class=\"eael-elements-flip-box-icon-image\">\n                                                                                            <\/div>\n                                                                                                            <div class=\"eael-elements-flip-box-content\">\n                                        <p><span style=\"font-weight: 400\">Un grupo de seguidores entusiastas sentando las bases de esta iniciativa<\/span><\/p>                                    <\/div>\n\n                                                                    <\/div>\n                            <\/div>\n                        <\/div>\n                                    <\/div>\n            <\/div>\n        <\/div>\n        \t\t\t\t<\/div>\n\t\t\t\t<\/div>\n\t\t\t\t<\/div>\n\t\t<div class=\"elementor-element elementor-element-aa6bb6a e-con-full e-flex e-con e-child\" data-id=\"aa6bb6a\" data-element_type=\"container\" data-e-type=\"container\">\n\t\t\t\t<div class=\"elementor-element elementor-element-318dbd5 eael-flip-box--3d eael-flipbox-content-align-center elementor-widget elementor-widget-eael-flip-box\" data-id=\"318dbd5\" data-element_type=\"widget\" data-e-type=\"widget\" data-widget_type=\"eael-flip-box.default\">\n\t\t\t\t<div class=\"elementor-widget-container\">\n\t\t\t\t\t        <div class=\"eael-elements-flip-box-container eael-animate-flip eael-animate-left eael-content eael-flip-box-hover eael-flipbox-fixed-height eael-flipbox-dynamic\">\n\n            <div class=\"eael-elements-flip-box-flip-card\">\n                <div class=\"eael-elements-flip-box-front-container\">\n                    \n                    \n                        <div class=\"eael-elements-slider-display-table\">\n                            <div class=\"eael-elements-flip-box-vertical-align\">\n                                <div class=\"eael-elements-flip-box-padding\">\n                                    <div class=\"eael-elements-flip-box-icon-image\">\n                                                                                                                                                                        <\/div>\n                                    <h3 class=\"eael-elements-flip-box-heading\">Comit\u00e9 asesor<\/h3>                                    <div class=\"eael-elements-flip-box-content\">\n\t                                                                        <\/div>\n                                <\/div>\n                            <\/div>\n                        <\/div>\n                                    <\/div>\n\n                <div class=\"eael-elements-flip-box-rear-container\">\n                                                                <div class=\"eael-elements-slider-display-table\">\n                            <div class=\"eael-elements-flip-box-vertical-align\">\n                                <div class=\"eael-elements-flip-box-padding\">\n                                                                            <div class=\"eael-elements-flip-box-icon-image\">\n                                                                                            <\/div>\n                                                                                                            <div class=\"eael-elements-flip-box-content\">\n                                        <p><span style=\"font-weight: 400\">Por formar, reuniendo a l\u00edderes que creen en nuestra misi\u00f3n, puedan involucrar a los actores clave y ayuden a cumplir objetivos<\/span><\/p>                                    <\/div>\n\n                                                                    <\/div>\n                            <\/div>\n                        <\/div>\n                                    <\/div>\n            <\/div>\n        <\/div>\n        \t\t\t\t<\/div>\n\t\t\t\t<\/div>\n\t\t\t\t<\/div>\n\t\t<div class=\"elementor-element elementor-element-9f80a2d e-con-full e-flex e-con e-child\" data-id=\"9f80a2d\" data-element_type=\"container\" data-e-type=\"container\">\n\t\t\t\t<div class=\"elementor-element elementor-element-1192b8f eael-flip-box--3d eael-flipbox-content-align-center elementor-widget elementor-widget-eael-flip-box\" data-id=\"1192b8f\" data-element_type=\"widget\" data-e-type=\"widget\" data-widget_type=\"eael-flip-box.default\">\n\t\t\t\t<div class=\"elementor-widget-container\">\n\t\t\t\t\t        <div class=\"eael-elements-flip-box-container eael-animate-flip eael-animate-left eael-content eael-flip-box-hover eael-flipbox-fixed-height eael-flipbox-dynamic\">\n\n            <div class=\"eael-elements-flip-box-flip-card\">\n                <div class=\"eael-elements-flip-box-front-container\">\n                    \n                    \n                        <div class=\"eael-elements-slider-display-table\">\n                            <div class=\"eael-elements-flip-box-vertical-align\">\n                                <div class=\"eael-elements-flip-box-padding\">\n                                    <div class=\"eael-elements-flip-box-icon-image\">\n                                                                                                                                                                        <\/div>\n                                    <h3 class=\"eael-elements-flip-box-heading\">Comit\u00e9 de expertos<\/h3>                                    <div class=\"eael-elements-flip-box-content\">\n\t                                                                        <\/div>\n                                <\/div>\n                            <\/div>\n                        <\/div>\n                                    <\/div>\n\n                <div class=\"eael-elements-flip-box-rear-container\">\n                                                                <div class=\"eael-elements-slider-display-table\">\n                            <div class=\"eael-elements-flip-box-vertical-align\">\n                                <div class=\"eael-elements-flip-box-padding\">\n                                                                            <div class=\"eael-elements-flip-box-icon-image\">\n                                                                                            <\/div>\n                                                                                                            <div class=\"eael-elements-flip-box-content\">\n                                        <p><span style=\"font-weight: 400\">Que asegure que nuestras pr\u00e1cticas agr\u00edcolas est\u00e1n guiadas por la mejor ciencia y experiencia<\/span><\/p>                                    <\/div>\n\n                                                                    <\/div>\n                            <\/div>\n                        <\/div>\n                                    <\/div>\n            <\/div>\n        <\/div>\n        \t\t\t\t<\/div>\n\t\t\t\t<\/div>\n\t\t\t\t<\/div>\n\t\t\t\t<\/div>\n\t\t<div class=\"elementor-element elementor-element-b1e5725 e-flex e-con-boxed e-con e-parent\" data-id=\"b1e5725\" data-element_type=\"container\" data-e-type=\"container\" data-settings=\"{&quot;background_background&quot;:&quot;classic&quot;}\">\n\t\t\t\t\t<div class=\"e-con-inner\">\n\t\t<div class=\"elementor-element elementor-element-5a7d4e8 e-con-full e-flex e-con e-child\" data-id=\"5a7d4e8\" data-element_type=\"container\" data-e-type=\"container\">\n\t\t\t\t<div class=\"elementor-element elementor-element-4fe5b49 elementor-widget elementor-widget-heading\" data-id=\"4fe5b49\" data-element_type=\"widget\" data-e-type=\"widget\" data-widget_type=\"heading.default\">\n\t\t\t\t<div class=\"elementor-widget-container\">\n\t\t\t\t\t<h2 class=\"elementor-heading-title elementor-size-default\">\u00daNETE<\/h2>\t\t\t\t<\/div>\n\t\t\t\t<\/div>\n\t\t\t\t<\/div>\n\t\t<div class=\"elementor-element elementor-element-8c9ea2c e-con-full e-flex e-con e-child\" data-id=\"8c9ea2c\" data-element_type=\"container\" data-e-type=\"container\">\n\t\t\t\t<div class=\"elementor-element elementor-element-7eb03b7 elementor-widget elementor-widget-text-editor\" data-id=\"7eb03b7\" data-element_type=\"widget\" data-e-type=\"widget\" data-widget_type=\"text-editor.default\">\n\t\t\t\t<div class=\"elementor-widget-container\">\n\t\t\t\t\t\t\t\t\t<p><span style=\"font-weight: 400;\">Esto es solo el comienzo. Invitamos a agricultores, investigadores, voluntarios y colaboradores a unirse a nosotros para convertir esta granja en un modelo de agricultura regenerativa en Espa\u00f1a. Ya sea a trav\u00e9s de la colaboraci\u00f3n, el intercambio de conocimientos o la participaci\u00f3n activa, juntos podemos crear un paisaje que nutra tanto a las personas como al medio ambiente.<\/span><\/p><p><span style=\"font-weight: 400;\">Cultivemos algo extraordinario, juntos.<\/span><\/p>\t\t\t\t\t\t\t\t<\/div>\n\t\t\t\t<\/div>\n\t\t\t\t<\/div>\n\t\t\t\t\t<\/div>\n\t\t\t\t<\/div>\n\t\t<div class=\"elementor-element elementor-element-359a298 e-flex e-con-boxed e-con e-parent\" data-id=\"359a298\" data-element_type=\"container\" data-e-type=\"container\" data-settings=\"{&quot;background_background&quot;:&quot;classic&quot;}\">\n\t\t\t\t\t<div class=\"e-con-inner\">\n\t\t\t\t<div class=\"elementor-element elementor-element-940bbb3 elementor-align-center elementor-mobile-align-center elementor-widget elementor-widget-button\" data-id=\"940bbb3\" data-element_type=\"widget\" data-e-type=\"widget\" data-widget_type=\"button.default\">\n\t\t\t\t<div class=\"elementor-widget-container\">\n\t\t\t\t\t\t\t\t\t<div class=\"elementor-button-wrapper\">\n\t\t\t\t\t<a class=\"elementor-button elementor-button-link elementor-size-sm\" href=\"https:\/\/bosquealimentosvalencia.org\/?page_id=409\">\n\t\t\t\t\t\t<span class=\"elementor-button-content-wrapper\">\n\t\t\t\t\t\t\t\t\t<span class=\"elementor-button-text\">Comencemos este viaje juntos<\/span>\n\t\t\t\t\t<\/span>\n\t\t\t\t\t<\/a>\n\t\t\t\t<\/div>\n\t\t\t\t\t\t\t\t<\/div>\n\t\t\t\t<\/div>\n\t\t\t\t\t<\/div>\n\t\t\t\t<\/div>\n\t\t\t\t<\/div>\n\t\t","protected":false},"excerpt":{"rendered":"<p>Un proyecto de futuro La alquer\u00eda ser\u00e1 propiedad y estar\u00e1 gestionada por una fundaci\u00f3n ben\u00e9fica espa\u00f1ola que se establecer\u00e1 pr\u00f3ximamente. [&hellip;]<\/p>\n","protected":false},"author":2,"featured_media":0,"parent":0,"menu_order":3,"comment_status":"closed","ping_status":"closed","template":"","meta":{"site-sidebar-layout":"no-sidebar","site-content-layout":"","ast-site-content-layout":"full-width-container","site-content-style":"default","site-sidebar-style":"default","ast-global-header-display":"","ast-banner-title-visibility":"","ast-main-header-display":"","ast-hfb-above-header-display":"","ast-hfb-below-header-display":"","ast-hfb-mobile-header-display":"","site-post-title":"disabled","ast-breadcrumbs-content":"","ast-featured-img":"disabled","footer-sml-layout":"","ast-disable-related-posts":"","theme-transparent-header-meta":"","adv-header-id-meta":"","stick-header-meta":"","header-above-stick-meta":"","header-main-stick-meta":"","header-below-stick-meta":"","astra-migrate-meta-layouts":"default","ast-page-background-enabled":"default","ast-page-background-meta":{"desktop":{"background-color":"var(--ast-global-color-5)","background-image":"","background-repeat":"repeat","background-position":"center center","background-size":"auto","background-attachment":"scroll","background-type":"","background-media":"","overlay-type":"","overlay-color":"","overlay-opacity":"","overlay-gradient":""},"tablet":{"background-color":"","background-image":"","background-repeat":"repeat","background-position":"center center","background-size":"auto","background-attachment":"scroll","background-type":"","background-media":"","overlay-type":"","overlay-color":"","overlay-opacity":"","overlay-gradient":""},"mobile":{"background-color":"","background-image":"","background-repeat":"repeat","background-position":"center center","background-size":"auto","background-attachment":"scroll","background-type":"","background-media":"","overlay-type":"","overlay-color":"","overlay-opacity":"","overlay-gradient":""}},"ast-content-background-meta":{"desktop":{"background-color":"var(--ast-global-color-4)","background-image":"","background-repeat":"repeat","background-position":"center center","background-size":"auto","background-attachment":"scroll","background-type":"","background-media":"","overlay-type":"","overlay-color":"","overlay-opacity":"","overlay-gradient":""},"tablet":{"background-color":"var(--ast-global-color-4)","background-image":"","background-repeat":"repeat","background-position":"center center","background-size":"auto","background-attachment":"scroll","background-type":"","background-media":"","overlay-type":"","overlay-color":"","overlay-opacity":"","overlay-gradient":""},"mobile":{"background-color":"var(--ast-global-color-4)","background-image":"","background-repeat":"repeat","background-position":"center center","background-size":"auto","background-attachment":"scroll","background-type":"","background-media":"","overlay-type":"","overlay-color":"","overlay-opacity":"","overlay-gradient":""}},"footnotes":""},"class_list":["post-404","page","type-page","status-publish","hentry"],"yoast_head":"<!-- This site is optimized with the Yoast SEO plugin v27.5 - https:\/\/yoast.com\/product\/yoast-seo-wordpress\/ -->\n<title>Sobre nosotros - Bosque de Alimentos Valencia<\/title>\n<meta name=\"description\" content=\"La alquer\u00eda estar\u00e1 gestionada por una fundaci\u00f3n ben\u00e9fica espa\u00f1ola para asegurar la misi\u00f3n del proyecto durante d\u00e9cadas o incluso siglos\" \/>\n<meta name=\"robots\" content=\"index, follow, max-snippet:-1, max-image-preview:large, max-video-preview:-1\" \/>\n<link rel=\"canonical\" href=\"https:\/\/bosquealimentosvalencia.org\/?page_id=404\" \/>\n<meta property=\"og:locale\" content=\"en_US\" \/>\n<meta property=\"og:type\" content=\"article\" \/>\n<meta property=\"og:title\" content=\"Sobre nosotros - Bosque de Alimentos Valencia\" \/>\n<meta property=\"og:description\" content=\"La alquer\u00eda estar\u00e1 gestionada por una fundaci\u00f3n ben\u00e9fica espa\u00f1ola para asegurar la misi\u00f3n del proyecto durante d\u00e9cadas o incluso siglos\" \/>\n<meta property=\"og:url\" content=\"https:\/\/bosquealimentosvalencia.org\/?page_id=404\" \/>\n<meta property=\"og:site_name\" content=\"Bosque de Alimentos Valencia\" \/>\n<meta property=\"article:modified_time\" content=\"2025-04-04T09:56:16+00:00\" \/>\n<meta name=\"twitter:card\" content=\"summary_large_image\" \/>\n<meta name=\"twitter:label1\" content=\"Est. reading time\" \/>\n\t<meta name=\"twitter:data1\" content=\"1 minute\" \/>\n<script type=\"application\/ld+json\" class=\"yoast-schema-graph\">{\"@context\":\"https:\\\/\\\/schema.org\",\"@graph\":[{\"@type\":\"WebPage\",\"@id\":\"https:\\\/\\\/bosquealimentosvalencia.org\\\/?page_id=404\",\"url\":\"https:\\\/\\\/bosquealimentosvalencia.org\\\/?page_id=404\",\"name\":\"Sobre nosotros - Bosque de Alimentos Valencia\",\"isPartOf\":{\"@id\":\"https:\\\/\\\/bosquealimentosvalencia.org\\\/#website\"},\"datePublished\":\"2025-03-14T11:23:11+00:00\",\"dateModified\":\"2025-04-04T09:56:16+00:00\",\"description\":\"La alquer\u00eda estar\u00e1 gestionada por una fundaci\u00f3n ben\u00e9fica espa\u00f1ola para asegurar la misi\u00f3n del proyecto durante d\u00e9cadas o incluso siglos\",\"breadcrumb\":{\"@id\":\"https:\\\/\\\/bosquealimentosvalencia.org\\\/?page_id=404#breadcrumb\"},\"inLanguage\":\"en-US\",\"potentialAction\":[{\"@type\":\"ReadAction\",\"target\":[\"https:\\\/\\\/bosquealimentosvalencia.org\\\/?page_id=404\"]}]},{\"@type\":\"BreadcrumbList\",\"@id\":\"https:\\\/\\\/bosquealimentosvalencia.org\\\/?page_id=404#breadcrumb\",\"itemListElement\":[{\"@type\":\"ListItem\",\"position\":1,\"name\":\"Portada\",\"item\":\"https:\\\/\\\/bosquealimentosvalencia.org\\\/?page_id=34&lang=en\"},{\"@type\":\"ListItem\",\"position\":2,\"name\":\"Sobre nosotros\"}]},{\"@type\":\"WebSite\",\"@id\":\"https:\\\/\\\/bosquealimentosvalencia.org\\\/#website\",\"url\":\"https:\\\/\\\/bosquealimentosvalencia.org\\\/\",\"name\":\"Bosque de Alimentos Valencia\",\"description\":\"Our food forest in Valencia is more than just a way to grow food, it\u2019s a way to bring people together\",\"publisher\":{\"@id\":\"https:\\\/\\\/bosquealimentosvalencia.org\\\/#organization\"},\"potentialAction\":[{\"@type\":\"SearchAction\",\"target\":{\"@type\":\"EntryPoint\",\"urlTemplate\":\"https:\\\/\\\/bosquealimentosvalencia.org\\\/?s={search_term_string}\"},\"query-input\":{\"@type\":\"PropertyValueSpecification\",\"valueRequired\":true,\"valueName\":\"search_term_string\"}}],\"inLanguage\":\"en-US\"},{\"@type\":\"Organization\",\"@id\":\"https:\\\/\\\/bosquealimentosvalencia.org\\\/#organization\",\"name\":\"Bosque de Alimentos Valencia\",\"url\":\"https:\\\/\\\/bosquealimentosvalencia.org\\\/\",\"logo\":{\"@type\":\"ImageObject\",\"inLanguage\":\"en-US\",\"@id\":\"https:\\\/\\\/bosquealimentosvalencia.org\\\/#\\\/schema\\\/logo\\\/image\\\/\",\"url\":\"https:\\\/\\\/bosquealimentosvalencia.org\\\/wp-content\\\/uploads\\\/2025\\\/03\\\/cropped-Logo-Bosque-de-alimentos-Valencia-1.png\",\"contentUrl\":\"https:\\\/\\\/bosquealimentosvalencia.org\\\/wp-content\\\/uploads\\\/2025\\\/03\\\/cropped-Logo-Bosque-de-alimentos-Valencia-1.png\",\"width\":909,\"height\":835,\"caption\":\"Bosque de Alimentos Valencia\"},\"image\":{\"@id\":\"https:\\\/\\\/bosquealimentosvalencia.org\\\/#\\\/schema\\\/logo\\\/image\\\/\"}}]}<\/script>\n<!-- \/ Yoast SEO plugin. -->","yoast_head_json":{"title":"Sobre nosotros - Bosque de Alimentos Valencia","description":"La alquer\u00eda estar\u00e1 gestionada por una fundaci\u00f3n ben\u00e9fica espa\u00f1ola para asegurar la misi\u00f3n del proyecto durante d\u00e9cadas o incluso siglos","robots":{"index":"index","follow":"follow","max-snippet":"max-snippet:-1","max-image-preview":"max-image-preview:large","max-video-preview":"max-video-preview:-1"},"canonical":"https:\/\/bosquealimentosvalencia.org\/?page_id=404","og_locale":"en_US","og_type":"article","og_title":"Sobre nosotros - Bosque de Alimentos Valencia","og_description":"La alquer\u00eda estar\u00e1 gestionada por una fundaci\u00f3n ben\u00e9fica espa\u00f1ola para asegurar la misi\u00f3n del proyecto durante d\u00e9cadas o incluso siglos","og_url":"https:\/\/bosquealimentosvalencia.org\/?page_id=404","og_site_name":"Bosque de Alimentos Valencia","article_modified_time":"2025-04-04T09:56:16+00:00","twitter_card":"summary_large_image","twitter_misc":{"Est. reading time":"1 minute"},"schema":{"@context":"https:\/\/schema.org","@graph":[{"@type":"WebPage","@id":"https:\/\/bosquealimentosvalencia.org\/?page_id=404","url":"https:\/\/bosquealimentosvalencia.org\/?page_id=404","name":"Sobre nosotros - Bosque de Alimentos Valencia","isPartOf":{"@id":"https:\/\/bosquealimentosvalencia.org\/#website"},"datePublished":"2025-03-14T11:23:11+00:00","dateModified":"2025-04-04T09:56:16+00:00","description":"La alquer\u00eda estar\u00e1 gestionada por una fundaci\u00f3n ben\u00e9fica espa\u00f1ola para asegurar la misi\u00f3n del proyecto durante d\u00e9cadas o incluso siglos","breadcrumb":{"@id":"https:\/\/bosquealimentosvalencia.org\/?page_id=404#breadcrumb"},"inLanguage":"en-US","potentialAction":[{"@type":"ReadAction","target":["https:\/\/bosquealimentosvalencia.org\/?page_id=404"]}]},{"@type":"BreadcrumbList","@id":"https:\/\/bosquealimentosvalencia.org\/?page_id=404#breadcrumb","itemListElement":[{"@type":"ListItem","position":1,"name":"Portada","item":"https:\/\/bosquealimentosvalencia.org\/?page_id=34&lang=en"},{"@type":"ListItem","position":2,"name":"Sobre nosotros"}]},{"@type":"WebSite","@id":"https:\/\/bosquealimentosvalencia.org\/#website","url":"https:\/\/bosquealimentosvalencia.org\/","name":"Bosque de Alimentos Valencia","description":"Our food forest in Valencia is more than just a way to grow food, it\u2019s a way to bring people together","publisher":{"@id":"https:\/\/bosquealimentosvalencia.org\/#organization"},"potentialAction":[{"@type":"SearchAction","target":{"@type":"EntryPoint","urlTemplate":"https:\/\/bosquealimentosvalencia.org\/?s={search_term_string}"},"query-input":{"@type":"PropertyValueSpecification","valueRequired":true,"valueName":"search_term_string"}}],"inLanguage":"en-US"},{"@type":"Organization","@id":"https:\/\/bosquealimentosvalencia.org\/#organization","name":"Bosque de Alimentos Valencia","url":"https:\/\/bosquealimentosvalencia.org\/","logo":{"@type":"ImageObject","inLanguage":"en-US","@id":"https:\/\/bosquealimentosvalencia.org\/#\/schema\/logo\/image\/","url":"https:\/\/bosquealimentosvalencia.org\/wp-content\/uploads\/2025\/03\/cropped-Logo-Bosque-de-alimentos-Valencia-1.png","contentUrl":"https:\/\/bosquealimentosvalencia.org\/wp-content\/uploads\/2025\/03\/cropped-Logo-Bosque-de-alimentos-Valencia-1.png","width":909,"height":835,"caption":"Bosque de Alimentos Valencia"},"image":{"@id":"https:\/\/bosquealimentosvalencia.org\/#\/schema\/logo\/image\/"}}]}},"_links":{"self":[{"href":"https:\/\/bosquealimentosvalencia.org\/index.php?rest_route=\/wp\/v2\/pages\/404","targetHints":{"allow":["GET"]}}],"collection":[{"href":"https:\/\/bosquealimentosvalencia.org\/index.php?rest_route=\/wp\/v2\/pages"}],"about":[{"href":"https:\/\/bosquealimentosvalencia.org\/index.php?rest_route=\/wp\/v2\/types\/page"}],"author":[{"embeddable":true,"href":"https:\/\/bosquealimentosvalencia.org\/index.php?rest_route=\/wp\/v2\/users\/2"}],"replies":[{"embeddable":true,"href":"https:\/\/bosquealimentosvalencia.org\/index.php?rest_route=%2Fwp%2Fv2%2Fcomments&post=404"}],"version-history":[{"count":10,"href":"https:\/\/bosquealimentosvalencia.org\/index.php?rest_route=\/wp\/v2\/pages\/404\/revisions"}],"predecessor-version":[{"id":533,"href":"https:\/\/bosquealimentosvalencia.org\/index.php?rest_route=\/wp\/v2\/pages\/404\/revisions\/533"}],"wp:attachment":[{"href":"https:\/\/bosquealimentosvalencia.org\/index.php?rest_route=%2Fwp%2Fv2%2Fmedia&parent=404"}],"curies":[{"name":"wp","href":"https:\/\/api.w.org\/{rel}","templated":true}]}}