{"id":400,"date":"2025-03-14T11:14:02","date_gmt":"2025-03-14T11:14:02","guid":{"rendered":"https:\/\/bosquealimentosvalencia.org\/?page_id=400"},"modified":"2025-04-04T09:46:09","modified_gmt":"2025-04-04T09:46:09","slug":"inicio-bosque-alimentos-valencia","status":"publish","type":"page","link":"https:\/\/bosquealimentosvalencia.org\/","title":{"rendered":"Inicio"},"content":{"rendered":"\t\t<div data-elementor-type=\"wp-page\" data-elementor-id=\"400\" class=\"elementor elementor-400\">\n\t\t\t\t<div class=\"elementor-element elementor-element-899aba1 e-flex e-con-boxed e-con e-parent\" data-id=\"899aba1\" data-element_type=\"container\" data-e-type=\"container\" data-settings=\"{&quot;background_background&quot;:&quot;video&quot;,&quot;background_video_link&quot;:&quot;https:\\\/\\\/bosquealimentosvalencia.org\\\/wp-content\\\/uploads\\\/2025\\\/03\\\/video-banner-bosque-alimentos-1.mp4&quot;,&quot;background_play_on_mobile&quot;:&quot;yes&quot;}\">\n\t\t\t\t\t<div class=\"e-con-inner\">\n\t\t<div class=\"elementor-background-video-container\">\n\t\t\t\t\t\t\t<video class=\"elementor-background-video-hosted\" role=\"presentation\" autoplay muted playsinline loop><\/video>\n\t\t\t\t\t<\/div><div class=\"elementor-element elementor-element-7db39f6 e-con-full e-flex e-con e-child\" data-id=\"7db39f6\" data-element_type=\"container\" data-e-type=\"container\">\n\t\t\t\t<div class=\"elementor-element elementor-element-af553eb elementor-widget elementor-widget-heading\" data-id=\"af553eb\" data-element_type=\"widget\" data-e-type=\"widget\" data-widget_type=\"heading.default\">\n\t\t\t\t<div class=\"elementor-widget-container\">\n\t\t\t\t\t<h2 class=\"elementor-heading-title elementor-size-default\">Estamos en una misi\u00f3n para crear un proyecto regenerativo y un bosque de alimentos en la regi\u00f3n de Valencia.\n<br><br>\nEstamos buscando una alquer\u00eda para comprar<\/h2>\t\t\t\t<\/div>\n\t\t\t\t<\/div>\n\t\t\t\t<\/div>\n\t\t\t\t\t<\/div>\n\t\t\t\t<\/div>\n\t\t<div class=\"elementor-element elementor-element-3f217ad e-flex e-con-boxed e-con e-parent\" data-id=\"3f217ad\" data-element_type=\"container\" data-e-type=\"container\">\n\t\t\t\t\t<div class=\"e-con-inner\">\n\t\t<div class=\"elementor-element elementor-element-d958c03 e-con-full e-flex e-con e-child\" data-id=\"d958c03\" data-element_type=\"container\" data-e-type=\"container\">\n\t\t\t\t<div class=\"elementor-element elementor-element-83399ec elementor-widget elementor-widget-heading\" data-id=\"83399ec\" data-element_type=\"widget\" data-e-type=\"widget\" data-widget_type=\"heading.default\">\n\t\t\t\t<div class=\"elementor-widget-container\">\n\t\t\t\t\t<h2 class=\"elementor-heading-title elementor-size-default\">\u00bfQu\u00e9 es Bosque de Alimentos de Valencia?<\/h2>\t\t\t\t<\/div>\n\t\t\t\t<\/div>\n\t\t\t\t<\/div>\n\t\t<div class=\"elementor-element elementor-element-8007a1b e-con-full e-flex e-con e-child\" data-id=\"8007a1b\" data-element_type=\"container\" data-e-type=\"container\">\n\t\t\t\t<div class=\"elementor-element elementor-element-edd7bfd elementor-widget elementor-widget-text-editor\" data-id=\"edd7bfd\" data-element_type=\"widget\" data-e-type=\"widget\" data-widget_type=\"text-editor.default\">\n\t\t\t\t<div class=\"elementor-widget-container\">\n\t\t\t\t\t\t\t\t\t<p>Una alquer\u00eda que ser\u00e1 propiedad de una fundaci\u00f3n ben\u00e9fica espa\u00f1ola, financiada por donantes de los Pa\u00edses Bajos. Aunque la ayuda inicial procede del extranjero, el objetivo es que el terreno sea autosuficiente, es decir, que genere ingresos suficientes para mantener a quienes trabajan en \u00e9l.<\/p>\t\t\t\t\t\t\t\t<\/div>\n\t\t\t\t<\/div>\n\t\t\t\t<\/div>\n\t\t\t\t\t<\/div>\n\t\t\t\t<\/div>\n\t\t<div class=\"elementor-element elementor-element-b3cb22f e-flex e-con-boxed e-con e-parent\" data-id=\"b3cb22f\" data-element_type=\"container\" data-e-type=\"container\">\n\t\t\t\t\t<div class=\"e-con-inner\">\n\t\t<div class=\"elementor-element elementor-element-8e836a3 e-con-full e-flex e-con e-child\" data-id=\"8e836a3\" data-element_type=\"container\" data-e-type=\"container\">\n\t\t\t\t<div class=\"elementor-element elementor-element-f93dd18 elementor-widget elementor-widget-heading\" data-id=\"f93dd18\" data-element_type=\"widget\" data-e-type=\"widget\" data-widget_type=\"heading.default\">\n\t\t\t\t<div class=\"elementor-widget-container\">\n\t\t\t\t\t<h2 class=\"elementor-heading-title elementor-size-default\">\u00bfC\u00f3mo funcionar\u00e1?<\/h2>\t\t\t\t<\/div>\n\t\t\t\t<\/div>\n\t\t\t\t<div class=\"elementor-element elementor-element-06c34ae elementor-widget elementor-widget-text-editor\" data-id=\"06c34ae\" data-element_type=\"widget\" data-e-type=\"widget\" data-widget_type=\"text-editor.default\">\n\t\t\t\t<div class=\"elementor-widget-container\">\n\t\t\t\t\t\t\t\t\t<p><span style=\"font-weight: 400;\">El suelo, el clima y el paisaje existente nos guiar\u00e1n en la elecci\u00f3n de los cultivos, los \u00e1rboles y los m\u00e9todos agr\u00edcolas adecuados. En lugar de imponer un plan fijo a la tierra, trabajaremos con la naturaleza para crear un ecosistema pr\u00f3spero y regenerativo.<\/span><\/p>\t\t\t\t\t\t\t\t<\/div>\n\t\t\t\t<\/div>\n\t\t\t\t<\/div>\n\t\t<div class=\"elementor-element elementor-element-3823658 e-con-full elementor-hidden-mobile e-flex e-con e-child\" data-id=\"3823658\" data-element_type=\"container\" data-e-type=\"container\">\n\t\t\t\t<div class=\"elementor-element elementor-element-d53013d elementor-widget elementor-widget-spacer\" data-id=\"d53013d\" data-element_type=\"widget\" data-e-type=\"widget\" data-widget_type=\"spacer.default\">\n\t\t\t\t<div class=\"elementor-widget-container\">\n\t\t\t\t\t\t\t<div class=\"elementor-spacer\">\n\t\t\t<div class=\"elementor-spacer-inner\"><\/div>\n\t\t<\/div>\n\t\t\t\t\t\t<\/div>\n\t\t\t\t<\/div>\n\t\t\t\t<div class=\"elementor-element elementor-element-5728597 elementor-widget elementor-widget-text-editor\" data-id=\"5728597\" data-element_type=\"widget\" data-e-type=\"widget\" data-widget_type=\"text-editor.default\">\n\t\t\t\t<div class=\"elementor-widget-container\">\n\t\t\t\t\t\t\t\t\t<p><span style=\"font-weight: 400;\">M\u00e1s all\u00e1 de la producci\u00f3n de alimentos, la granja ser\u00e1 un lugar de aprendizaje e inspiraci\u00f3n. Desarrollaremos programas educativos para compartir conocimientos sobre agricultura regenerativa, agroforester\u00eda y vida sostenible, ayudando a otros a reconectarse con la tierra y explorar nuevas posibilidades para el futuro.<\/span><\/p>\t\t\t\t\t\t\t\t<\/div>\n\t\t\t\t<\/div>\n\t\t\t\t<\/div>\n\t\t\t\t\t<\/div>\n\t\t\t\t<\/div>\n\t\t<div class=\"elementor-element elementor-element-8e0862f e-con-full e-flex e-con e-parent\" data-id=\"8e0862f\" data-element_type=\"container\" data-e-type=\"container\" data-settings=\"{&quot;background_background&quot;:&quot;classic&quot;}\">\n\t\t\t\t<div class=\"elementor-element elementor-element-fd9569a elementor-widget elementor-widget-heading\" data-id=\"fd9569a\" data-element_type=\"widget\" data-e-type=\"widget\" data-widget_type=\"heading.default\">\n\t\t\t\t<div class=\"elementor-widget-container\">\n\t\t\t\t\t<h2 class=\"elementor-heading-title elementor-size-default\">Estamos buscando la ubicaci\u00f3n perfecta<\/h2>\t\t\t\t<\/div>\n\t\t\t\t<\/div>\n\t\t\t\t<div class=\"elementor-element elementor-element-0e55aaf elementor-widget elementor-widget-text-editor\" data-id=\"0e55aaf\" data-element_type=\"widget\" data-e-type=\"widget\" data-widget_type=\"text-editor.default\">\n\t\t\t\t<div class=\"elementor-widget-container\">\n\t\t\t\t\t\t\t\t\t<p>Queremos comprar un campo grande a una hora de la ciudad. Nuestro objetivo es aumentar la biodiversidad, restaurar la salud del suelo y limitar el consumo de agua, cultivar alimentos en armon\u00eda con la naturaleza y crear una comunidad a su alrededor. Este proyecto aportar\u00e1 estos beneficios tanto a Valencia como al pueblo en el que nos instalemos.<\/p>\t\t\t\t\t\t\t\t<\/div>\n\t\t\t\t<\/div>\n\t\t\t\t<div class=\"elementor-element elementor-element-db5d705 elementor-align-center elementor-widget elementor-widget-button\" data-id=\"db5d705\" data-element_type=\"widget\" data-e-type=\"widget\" data-widget_type=\"button.default\">\n\t\t\t\t<div class=\"elementor-widget-container\">\n\t\t\t\t\t\t\t\t\t<div class=\"elementor-button-wrapper\">\n\t\t\t\t\t<a class=\"elementor-button elementor-button-link elementor-size-sm\" href=\"https:\/\/bosquealimentosvalencia.org\/?page_id=414\">\n\t\t\t\t\t\t<span class=\"elementor-button-content-wrapper\">\n\t\t\t\t\t\t\t\t\t<span class=\"elementor-button-text\">CONOCE TODOS LOS REQUISITOS DEL TERRENO<\/span>\n\t\t\t\t\t<\/span>\n\t\t\t\t\t<\/a>\n\t\t\t\t<\/div>\n\t\t\t\t\t\t\t\t<\/div>\n\t\t\t\t<\/div>\n\t\t\t\t<\/div>\n\t\t<div class=\"elementor-element elementor-element-1f5b528 e-flex e-con-boxed e-con e-parent\" data-id=\"1f5b528\" data-element_type=\"container\" data-e-type=\"container\">\n\t\t\t\t\t<div class=\"e-con-inner\">\n\t\t\t\t<div class=\"elementor-element elementor-element-1c20890 elementor-widget elementor-widget-heading\" data-id=\"1c20890\" data-element_type=\"widget\" data-e-type=\"widget\" data-widget_type=\"heading.default\">\n\t\t\t\t<div class=\"elementor-widget-container\">\n\t\t\t\t\t<h2 class=\"elementor-heading-title elementor-size-default\">Bosques de alimentos en la provincia de Valencia<\/h2>\t\t\t\t<\/div>\n\t\t\t\t<\/div>\n\t\t\t\t<div class=\"elementor-element elementor-element-b20b5d6 elementor-widget elementor-widget-text-editor\" data-id=\"b20b5d6\" data-element_type=\"widget\" data-e-type=\"widget\" data-widget_type=\"text-editor.default\">\n\t\t\t\t<div class=\"elementor-widget-container\">\n\t\t\t\t\t\t\t\t\t<p><span style=\"font-weight: 400;\">El clima mediterr\u00e1neo de Valencia es ideal para los bosques de alimentos, con inviernos suaves y veranos secos. Sin embargo, la escasez de agua y la degradaci\u00f3n del suelo siguen siendo desaf\u00edos importantes. Proyectos de agroforester\u00eda en la regi\u00f3n han demostrado que la integraci\u00f3n de especies nativas, como encinas, almendros y algarrobos, junto con cultivos frutales m\u00e1s tradicionales, puede crear ecosistemas resilientes que prosperan incluso en condiciones de sequ\u00eda.<\/span><\/p>\t\t\t\t\t\t\t\t<\/div>\n\t\t\t\t<\/div>\n\t\t\t\t<div class=\"elementor-element elementor-element-9022667 elementor-align-center elementor-widget elementor-widget-button\" data-id=\"9022667\" data-element_type=\"widget\" data-e-type=\"widget\" data-widget_type=\"button.default\">\n\t\t\t\t<div class=\"elementor-widget-container\">\n\t\t\t\t\t\t\t\t\t<div class=\"elementor-button-wrapper\">\n\t\t\t\t\t<a class=\"elementor-button elementor-button-link elementor-size-sm\" href=\"https:\/\/bosquealimentosvalencia.org\/?page_id=426\">\n\t\t\t\t\t\t<span class=\"elementor-button-content-wrapper\">\n\t\t\t\t\t\t\t\t\t<span class=\"elementor-button-text\">\u00bfQuieres unirte?<\/span>\n\t\t\t\t\t<\/span>\n\t\t\t\t\t<\/a>\n\t\t\t\t<\/div>\n\t\t\t\t\t\t\t\t<\/div>\n\t\t\t\t<\/div>\n\t\t\t\t\t<\/div>\n\t\t\t\t<\/div>\n\t\t<div class=\"elementor-element elementor-element-03b5546 e-flex e-con-boxed e-con e-parent\" data-id=\"03b5546\" data-element_type=\"container\" data-e-type=\"container\" data-settings=\"{&quot;background_background&quot;:&quot;classic&quot;}\">\n\t\t\t\t\t<div class=\"e-con-inner\">\n\t\t<div class=\"elementor-element elementor-element-fdd47ab e-con-full e-flex e-con e-child\" data-id=\"fdd47ab\" data-element_type=\"container\" data-e-type=\"container\">\n\t\t\t\t<div class=\"elementor-element elementor-element-adf8fea elementor-widget elementor-widget-heading\" data-id=\"adf8fea\" data-element_type=\"widget\" data-e-type=\"widget\" data-widget_type=\"heading.default\">\n\t\t\t\t<div class=\"elementor-widget-container\">\n\t\t\t\t\t<h2 class=\"elementor-heading-title elementor-size-default\">Un esfuerzo comunitario<\/h2>\t\t\t\t<\/div>\n\t\t\t\t<\/div>\n\t\t\t\t<div class=\"elementor-element elementor-element-c96be53 elementor-widget elementor-widget-text-editor\" data-id=\"c96be53\" data-element_type=\"widget\" data-e-type=\"widget\" data-widget_type=\"text-editor.default\">\n\t\t\t\t<div class=\"elementor-widget-container\">\n\t\t\t\t\t\t\t\t\t<p><span style=\"font-weight: 400;\">Un bosque de alimentos es m\u00e1s que una forma de cultivar alimentos: es una manera de unir a las personas. En Valencia, las comunidades en torno a los bosques de alimentos suelen participar en:<\/span><\/p>\t\t\t\t\t\t\t\t<\/div>\n\t\t\t\t<\/div>\n\t\t\t\t<\/div>\n\t\t<div class=\"elementor-element elementor-element-38f6c8b e-con-full e-flex e-con e-child\" data-id=\"38f6c8b\" data-element_type=\"container\" data-e-type=\"container\">\n\t\t\t\t<div class=\"elementor-element elementor-element-a1e1b6a elementor-widget elementor-widget-spacer\" data-id=\"a1e1b6a\" data-element_type=\"widget\" data-e-type=\"widget\" data-widget_type=\"spacer.default\">\n\t\t\t\t<div class=\"elementor-widget-container\">\n\t\t\t\t\t\t\t<div class=\"elementor-spacer\">\n\t\t\t<div class=\"elementor-spacer-inner\"><\/div>\n\t\t<\/div>\n\t\t\t\t\t\t<\/div>\n\t\t\t\t<\/div>\n\t\t\t\t<div class=\"elementor-element elementor-element-8ade682 elementor-widget elementor-widget-text-editor\" data-id=\"8ade682\" data-element_type=\"widget\" data-e-type=\"widget\" data-widget_type=\"text-editor.default\">\n\t\t\t\t<div class=\"elementor-widget-container\">\n\t\t\t\t\t\t\t\t\t<ul style=\"font-weight: 400;\"><li style=\"font-weight: 400;\" aria-level=\"1\"><span style=\"font-weight: 400;\"><strong>Talleres educativos sobre permacultura<\/strong>, conservaci\u00f3n del agua y enriquecimiento natural del suelo.<\/span><\/li><li style=\"font-weight: 400;\" aria-level=\"1\"><span style=\"font-weight: 400;\"><strong>Festivales de cosecha<\/strong> para celebrar la abundancia estacional.<\/span><\/li><li style=\"font-weight: 400;\" aria-level=\"1\"><span style=\"font-weight: 400;\"><strong>Sesiones de intercambio de habilidades<\/strong> sobre conservaci\u00f3n de alimentos, medicina herbal y compostaje.<\/span><\/li><\/ul>\t\t\t\t\t\t\t\t<\/div>\n\t\t\t\t<\/div>\n\t\t\t\t<\/div>\n\t\t\t\t\t<\/div>\n\t\t\t\t<\/div>\n\t\t<div class=\"elementor-element elementor-element-b4bd01e e-flex e-con-boxed e-con e-parent\" data-id=\"b4bd01e\" data-element_type=\"container\" data-e-type=\"container\">\n\t\t\t\t\t<div class=\"e-con-inner\">\n\t\t<div class=\"elementor-element elementor-element-a6fe33b e-con-full e-flex e-con e-child\" data-id=\"a6fe33b\" data-element_type=\"container\" data-e-type=\"container\">\n\t\t\t\t<div class=\"elementor-element elementor-element-b573299 elementor-widget elementor-widget-image\" data-id=\"b573299\" data-element_type=\"widget\" data-e-type=\"widget\" data-widget_type=\"image.default\">\n\t\t\t\t<div class=\"elementor-widget-container\">\n\t\t\t\t\t\t\t\t\t\t\t\t\t\t\t<img fetchpriority=\"high\" decoding=\"async\" width=\"512\" height=\"512\" src=\"https:\/\/bosquealimentosvalencia.org\/wp-content\/uploads\/2025\/03\/cropped-Logo-Bosque-de-alimentos-Valencia.png\" class=\"attachment-large size-large wp-image-8\" alt=\"\" srcset=\"https:\/\/bosquealimentosvalencia.org\/wp-content\/uploads\/2025\/03\/cropped-Logo-Bosque-de-alimentos-Valencia.png 512w, https:\/\/bosquealimentosvalencia.org\/wp-content\/uploads\/2025\/03\/cropped-Logo-Bosque-de-alimentos-Valencia-300x300.png 300w, https:\/\/bosquealimentosvalencia.org\/wp-content\/uploads\/2025\/03\/cropped-Logo-Bosque-de-alimentos-Valencia-150x150.png 150w, https:\/\/bosquealimentosvalencia.org\/wp-content\/uploads\/2025\/03\/cropped-Logo-Bosque-de-alimentos-Valencia-270x270.png 270w, https:\/\/bosquealimentosvalencia.org\/wp-content\/uploads\/2025\/03\/cropped-Logo-Bosque-de-alimentos-Valencia-192x192.png 192w, https:\/\/bosquealimentosvalencia.org\/wp-content\/uploads\/2025\/03\/cropped-Logo-Bosque-de-alimentos-Valencia-180x180.png 180w, https:\/\/bosquealimentosvalencia.org\/wp-content\/uploads\/2025\/03\/cropped-Logo-Bosque-de-alimentos-Valencia-32x32.png 32w\" sizes=\"(max-width: 512px) 100vw, 512px\" \/>\t\t\t\t\t\t\t\t\t\t\t\t\t\t\t<\/div>\n\t\t\t\t<\/div>\n\t\t\t\t<\/div>\n\t\t<div class=\"elementor-element elementor-element-f7e42bf e-con-full e-flex e-con e-child\" data-id=\"f7e42bf\" data-element_type=\"container\" data-e-type=\"container\">\n\t\t\t\t<div class=\"elementor-element elementor-element-7dcc7c7 elementor-widget__width-initial elementor-widget elementor-widget-text-editor\" data-id=\"7dcc7c7\" data-element_type=\"widget\" data-e-type=\"widget\" data-widget_type=\"text-editor.default\">\n\t\t\t\t<div class=\"elementor-widget-container\">\n\t\t\t\t\t\t\t\t\t<p><span style=\"font-weight: 400;\">Los bosques de alimentos ofrecen un enfoque regenerativo para la producci\u00f3n de alimentos que se alinea perfectamente con el clima mediterr\u00e1neo de Valencia. Al aprovechar el poder de la biodiversidad, los ciclos naturales y la participaci\u00f3n comunitaria, crean un paisaje resiliente, de bajo mantenimiento y altamente productivo. Aunque existen desaf\u00edos, especialmente en el acceso al mercado, soluciones innovadoras como redes locales, ventas directas y programas educativos pueden garantizar su \u00e9xito.<\/span><\/p>\t\t\t\t\t\t\t\t<\/div>\n\t\t\t\t<\/div>\n\t\t\t\t<\/div>\n\t\t\t\t\t<\/div>\n\t\t\t\t<\/div>\n\t\t\t\t<\/div>\n\t\t","protected":false},"excerpt":{"rendered":"<p>Estamos en una misi\u00f3n para crear un proyecto regenerativo y un bosque de alimentos en la regi\u00f3n de Valencia. Estamos [&hellip;]<\/p>\n","protected":false},"author":2,"featured_media":0,"parent":0,"menu_order":0,"comment_status":"closed","ping_status":"closed","template":"","meta":{"site-sidebar-layout":"no-sidebar","site-content-layout":"","ast-site-content-layout":"full-width-container","site-content-style":"default","site-sidebar-style":"default","ast-global-header-display":"","ast-banner-title-visibility":"","ast-main-header-display":"","ast-hfb-above-header-display":"","ast-hfb-below-header-display":"","ast-hfb-mobile-header-display":"","site-post-title":"disabled","ast-breadcrumbs-content":"","ast-featured-img":"disabled","footer-sml-layout":"","ast-disable-related-posts":"","theme-transparent-header-meta":"","adv-header-id-meta":"","stick-header-meta":"","header-above-stick-meta":"","header-main-stick-meta":"","header-below-stick-meta":"","astra-migrate-meta-layouts":"default","ast-page-background-enabled":"default","ast-page-background-meta":{"desktop":{"background-color":"var(--ast-global-color-5)","background-image":"","background-repeat":"repeat","background-position":"center center","background-size":"auto","background-attachment":"scroll","background-type":"","background-media":"","overlay-type":"","overlay-color":"","overlay-opacity":"","overlay-gradient":""},"tablet":{"background-color":"","background-image":"","background-repeat":"repeat","background-position":"center center","background-size":"auto","background-attachment":"scroll","background-type":"","background-media":"","overlay-type":"","overlay-color":"","overlay-opacity":"","overlay-gradient":""},"mobile":{"background-color":"","background-image":"","background-repeat":"repeat","background-position":"center center","background-size":"auto","background-attachment":"scroll","background-type":"","background-media":"","overlay-type":"","overlay-color":"","overlay-opacity":"","overlay-gradient":""}},"ast-content-background-meta":{"desktop":{"background-color":"var(--ast-global-color-4)","background-image":"","background-repeat":"repeat","background-position":"center center","background-size":"auto","background-attachment":"scroll","background-type":"","background-media":"","overlay-type":"","overlay-color":"","overlay-opacity":"","overlay-gradient":""},"tablet":{"background-color":"var(--ast-global-color-4)","background-image":"","background-repeat":"repeat","background-position":"center center","background-size":"auto","background-attachment":"scroll","background-type":"","background-media":"","overlay-type":"","overlay-color":"","overlay-opacity":"","overlay-gradient":""},"mobile":{"background-color":"var(--ast-global-color-4)","background-image":"","background-repeat":"repeat","background-position":"center center","background-size":"auto","background-attachment":"scroll","background-type":"","background-media":"","overlay-type":"","overlay-color":"","overlay-opacity":"","overlay-gradient":""}},"footnotes":""},"class_list":["post-400","page","type-page","status-publish","hentry"],"yoast_head":"<!-- This site is optimized with the Yoast SEO plugin v27.5 - https:\/\/yoast.com\/product\/yoast-seo-wordpress\/ -->\n<title>Inicio - Bosque de Alimentos Valencia<\/title>\n<meta name=\"description\" content=\"Estamos en una misi\u00f3n para crear un proyecto regenerativo y un bosque de alimentos en la regi\u00f3n de Valencia. Buscamos una alquer\u00eda.\" \/>\n<meta name=\"robots\" content=\"index, follow, max-snippet:-1, max-image-preview:large, max-video-preview:-1\" \/>\n<link rel=\"canonical\" href=\"https:\/\/bosquealimentosvalencia.org\/\" \/>\n<meta property=\"og:locale\" content=\"en_US\" \/>\n<meta property=\"og:type\" content=\"article\" \/>\n<meta property=\"og:title\" content=\"Inicio - Bosque de Alimentos Valencia\" \/>\n<meta property=\"og:description\" content=\"Estamos en una misi\u00f3n para crear un proyecto regenerativo y un bosque de alimentos en la regi\u00f3n de Valencia. Buscamos una alquer\u00eda.\" \/>\n<meta property=\"og:url\" content=\"https:\/\/bosquealimentosvalencia.org\/\" \/>\n<meta property=\"og:site_name\" content=\"Bosque de Alimentos Valencia\" \/>\n<meta property=\"article:modified_time\" content=\"2025-04-04T09:46:09+00:00\" \/>\n<meta property=\"og:image\" content=\"https:\/\/bosquealimentosvalencia.org\/wp-content\/uploads\/2025\/03\/cropped-Logo-Bosque-de-alimentos-Valencia.png\" \/>\n<meta name=\"twitter:card\" content=\"summary_large_image\" \/>\n<meta name=\"twitter:label1\" content=\"Est. reading time\" \/>\n\t<meta name=\"twitter:data1\" content=\"3 minutes\" \/>\n<script type=\"application\/ld+json\" class=\"yoast-schema-graph\">{\"@context\":\"https:\\\/\\\/schema.org\",\"@graph\":[{\"@type\":\"WebPage\",\"@id\":\"https:\\\/\\\/bosquealimentosvalencia.org\\\/\",\"url\":\"https:\\\/\\\/bosquealimentosvalencia.org\\\/\",\"name\":\"Inicio - Bosque de Alimentos Valencia\",\"isPartOf\":{\"@id\":\"https:\\\/\\\/bosquealimentosvalencia.org\\\/#website\"},\"primaryImageOfPage\":{\"@id\":\"https:\\\/\\\/bosquealimentosvalencia.org\\\/#primaryimage\"},\"image\":{\"@id\":\"https:\\\/\\\/bosquealimentosvalencia.org\\\/#primaryimage\"},\"thumbnailUrl\":\"https:\\\/\\\/bosquealimentosvalencia.org\\\/wp-content\\\/uploads\\\/2025\\\/03\\\/cropped-Logo-Bosque-de-alimentos-Valencia.png\",\"datePublished\":\"2025-03-14T11:14:02+00:00\",\"dateModified\":\"2025-04-04T09:46:09+00:00\",\"description\":\"Estamos en una misi\u00f3n para crear un proyecto regenerativo y un bosque de alimentos en la regi\u00f3n de Valencia. Buscamos una alquer\u00eda.\",\"breadcrumb\":{\"@id\":\"https:\\\/\\\/bosquealimentosvalencia.org\\\/#breadcrumb\"},\"inLanguage\":\"en-US\",\"potentialAction\":[{\"@type\":\"ReadAction\",\"target\":[\"https:\\\/\\\/bosquealimentosvalencia.org\\\/\"]}]},{\"@type\":\"ImageObject\",\"inLanguage\":\"en-US\",\"@id\":\"https:\\\/\\\/bosquealimentosvalencia.org\\\/#primaryimage\",\"url\":\"https:\\\/\\\/bosquealimentosvalencia.org\\\/wp-content\\\/uploads\\\/2025\\\/03\\\/cropped-Logo-Bosque-de-alimentos-Valencia.png\",\"contentUrl\":\"https:\\\/\\\/bosquealimentosvalencia.org\\\/wp-content\\\/uploads\\\/2025\\\/03\\\/cropped-Logo-Bosque-de-alimentos-Valencia.png\",\"width\":512,\"height\":512},{\"@type\":\"BreadcrumbList\",\"@id\":\"https:\\\/\\\/bosquealimentosvalencia.org\\\/#breadcrumb\",\"itemListElement\":[{\"@type\":\"ListItem\",\"position\":1,\"name\":\"Portada\",\"item\":\"https:\\\/\\\/bosquealimentosvalencia.org\\\/?page_id=34&lang=en\"},{\"@type\":\"ListItem\",\"position\":2,\"name\":\"Inicio\"}]},{\"@type\":\"WebSite\",\"@id\":\"https:\\\/\\\/bosquealimentosvalencia.org\\\/#website\",\"url\":\"https:\\\/\\\/bosquealimentosvalencia.org\\\/\",\"name\":\"Bosque de Alimentos Valencia\",\"description\":\"Our food forest in Valencia is more than just a way to grow food, it\u2019s a way to bring people together\",\"publisher\":{\"@id\":\"https:\\\/\\\/bosquealimentosvalencia.org\\\/#organization\"},\"potentialAction\":[{\"@type\":\"SearchAction\",\"target\":{\"@type\":\"EntryPoint\",\"urlTemplate\":\"https:\\\/\\\/bosquealimentosvalencia.org\\\/?s={search_term_string}\"},\"query-input\":{\"@type\":\"PropertyValueSpecification\",\"valueRequired\":true,\"valueName\":\"search_term_string\"}}],\"inLanguage\":\"en-US\"},{\"@type\":\"Organization\",\"@id\":\"https:\\\/\\\/bosquealimentosvalencia.org\\\/#organization\",\"name\":\"Bosque de Alimentos Valencia\",\"url\":\"https:\\\/\\\/bosquealimentosvalencia.org\\\/\",\"logo\":{\"@type\":\"ImageObject\",\"inLanguage\":\"en-US\",\"@id\":\"https:\\\/\\\/bosquealimentosvalencia.org\\\/#\\\/schema\\\/logo\\\/image\\\/\",\"url\":\"https:\\\/\\\/bosquealimentosvalencia.org\\\/wp-content\\\/uploads\\\/2025\\\/03\\\/cropped-Logo-Bosque-de-alimentos-Valencia-1.png\",\"contentUrl\":\"https:\\\/\\\/bosquealimentosvalencia.org\\\/wp-content\\\/uploads\\\/2025\\\/03\\\/cropped-Logo-Bosque-de-alimentos-Valencia-1.png\",\"width\":909,\"height\":835,\"caption\":\"Bosque de Alimentos Valencia\"},\"image\":{\"@id\":\"https:\\\/\\\/bosquealimentosvalencia.org\\\/#\\\/schema\\\/logo\\\/image\\\/\"}}]}<\/script>\n<!-- \/ Yoast SEO plugin. -->","yoast_head_json":{"title":"Inicio - Bosque de Alimentos Valencia","description":"Estamos en una misi\u00f3n para crear un proyecto regenerativo y un bosque de alimentos en la regi\u00f3n de Valencia. Buscamos una alquer\u00eda.","robots":{"index":"index","follow":"follow","max-snippet":"max-snippet:-1","max-image-preview":"max-image-preview:large","max-video-preview":"max-video-preview:-1"},"canonical":"https:\/\/bosquealimentosvalencia.org\/","og_locale":"en_US","og_type":"article","og_title":"Inicio - Bosque de Alimentos Valencia","og_description":"Estamos en una misi\u00f3n para crear un proyecto regenerativo y un bosque de alimentos en la regi\u00f3n de Valencia. Buscamos una alquer\u00eda.","og_url":"https:\/\/bosquealimentosvalencia.org\/","og_site_name":"Bosque de Alimentos Valencia","article_modified_time":"2025-04-04T09:46:09+00:00","og_image":[{"url":"https:\/\/bosquealimentosvalencia.org\/wp-content\/uploads\/2025\/03\/cropped-Logo-Bosque-de-alimentos-Valencia.png","type":"","width":"","height":""}],"twitter_card":"summary_large_image","twitter_misc":{"Est. reading time":"3 minutes"},"schema":{"@context":"https:\/\/schema.org","@graph":[{"@type":"WebPage","@id":"https:\/\/bosquealimentosvalencia.org\/","url":"https:\/\/bosquealimentosvalencia.org\/","name":"Inicio - Bosque de Alimentos Valencia","isPartOf":{"@id":"https:\/\/bosquealimentosvalencia.org\/#website"},"primaryImageOfPage":{"@id":"https:\/\/bosquealimentosvalencia.org\/#primaryimage"},"image":{"@id":"https:\/\/bosquealimentosvalencia.org\/#primaryimage"},"thumbnailUrl":"https:\/\/bosquealimentosvalencia.org\/wp-content\/uploads\/2025\/03\/cropped-Logo-Bosque-de-alimentos-Valencia.png","datePublished":"2025-03-14T11:14:02+00:00","dateModified":"2025-04-04T09:46:09+00:00","description":"Estamos en una misi\u00f3n para crear un proyecto regenerativo y un bosque de alimentos en la regi\u00f3n de Valencia. Buscamos una alquer\u00eda.","breadcrumb":{"@id":"https:\/\/bosquealimentosvalencia.org\/#breadcrumb"},"inLanguage":"en-US","potentialAction":[{"@type":"ReadAction","target":["https:\/\/bosquealimentosvalencia.org\/"]}]},{"@type":"ImageObject","inLanguage":"en-US","@id":"https:\/\/bosquealimentosvalencia.org\/#primaryimage","url":"https:\/\/bosquealimentosvalencia.org\/wp-content\/uploads\/2025\/03\/cropped-Logo-Bosque-de-alimentos-Valencia.png","contentUrl":"https:\/\/bosquealimentosvalencia.org\/wp-content\/uploads\/2025\/03\/cropped-Logo-Bosque-de-alimentos-Valencia.png","width":512,"height":512},{"@type":"BreadcrumbList","@id":"https:\/\/bosquealimentosvalencia.org\/#breadcrumb","itemListElement":[{"@type":"ListItem","position":1,"name":"Portada","item":"https:\/\/bosquealimentosvalencia.org\/?page_id=34&lang=en"},{"@type":"ListItem","position":2,"name":"Inicio"}]},{"@type":"WebSite","@id":"https:\/\/bosquealimentosvalencia.org\/#website","url":"https:\/\/bosquealimentosvalencia.org\/","name":"Bosque de Alimentos Valencia","description":"Our food forest in Valencia is more than just a way to grow food, it\u2019s a way to bring people together","publisher":{"@id":"https:\/\/bosquealimentosvalencia.org\/#organization"},"potentialAction":[{"@type":"SearchAction","target":{"@type":"EntryPoint","urlTemplate":"https:\/\/bosquealimentosvalencia.org\/?s={search_term_string}"},"query-input":{"@type":"PropertyValueSpecification","valueRequired":true,"valueName":"search_term_string"}}],"inLanguage":"en-US"},{"@type":"Organization","@id":"https:\/\/bosquealimentosvalencia.org\/#organization","name":"Bosque de Alimentos Valencia","url":"https:\/\/bosquealimentosvalencia.org\/","logo":{"@type":"ImageObject","inLanguage":"en-US","@id":"https:\/\/bosquealimentosvalencia.org\/#\/schema\/logo\/image\/","url":"https:\/\/bosquealimentosvalencia.org\/wp-content\/uploads\/2025\/03\/cropped-Logo-Bosque-de-alimentos-Valencia-1.png","contentUrl":"https:\/\/bosquealimentosvalencia.org\/wp-content\/uploads\/2025\/03\/cropped-Logo-Bosque-de-alimentos-Valencia-1.png","width":909,"height":835,"caption":"Bosque de Alimentos Valencia"},"image":{"@id":"https:\/\/bosquealimentosvalencia.org\/#\/schema\/logo\/image\/"}}]}},"_links":{"self":[{"href":"https:\/\/bosquealimentosvalencia.org\/index.php?rest_route=\/wp\/v2\/pages\/400","targetHints":{"allow":["GET"]}}],"collection":[{"href":"https:\/\/bosquealimentosvalencia.org\/index.php?rest_route=\/wp\/v2\/pages"}],"about":[{"href":"https:\/\/bosquealimentosvalencia.org\/index.php?rest_route=\/wp\/v2\/types\/page"}],"author":[{"embeddable":true,"href":"https:\/\/bosquealimentosvalencia.org\/index.php?rest_route=\/wp\/v2\/users\/2"}],"replies":[{"embeddable":true,"href":"https:\/\/bosquealimentosvalencia.org\/index.php?rest_route=%2Fwp%2Fv2%2Fcomments&post=400"}],"version-history":[{"count":23,"href":"https:\/\/bosquealimentosvalencia.org\/index.php?rest_route=\/wp\/v2\/pages\/400\/revisions"}],"predecessor-version":[{"id":572,"href":"https:\/\/bosquealimentosvalencia.org\/index.php?rest_route=\/wp\/v2\/pages\/400\/revisions\/572"}],"wp:attachment":[{"href":"https:\/\/bosquealimentosvalencia.org\/index.php?rest_route=%2Fwp%2Fv2%2Fmedia&parent=400"}],"curies":[{"name":"wp","href":"https:\/\/api.w.org\/{rel}","templated":true}]}}